{"id":10618,"date":"2025-06-12T18:59:30","date_gmt":"2025-06-12T18:59:30","guid":{"rendered":"https:\/\/ciep.cl\/inicio\/?page_id=10618"},"modified":"2025-11-06T18:44:52","modified_gmt":"2025-11-06T18:44:52","slug":"arqueologia-e-isotopos","status":"publish","type":"page","link":"https:\/\/ciep.cl\/inicio\/arqueologia-e-isotopos\/","title":{"rendered":"Arqueolog\u00eda e Is\u00f3topos"},"content":{"rendered":"\t\t<div data-elementor-type=\"wp-page\" data-elementor-id=\"10618\" class=\"elementor elementor-10618\" data-elementor-post-type=\"page\">\n\t\t\t\t<div class=\"elementor-element elementor-element-6cd5510 e-flex e-con-boxed e-con e-parent\" data-id=\"6cd5510\" data-element_type=\"container\">\n\t\t\t\t\t<div class=\"e-con-inner\">\n\t\t\t\t<div class=\"elementor-element elementor-element-1d32e73 elementor-widget elementor-widget-menu-anchor\" data-id=\"1d32e73\" data-element_type=\"widget\" data-widget_type=\"menu-anchor.default\">\n\t\t\t\t<div class=\"elementor-widget-container\">\n\t\t\t\t\t\t\t<div class=\"elementor-menu-anchor\" id=\"inicio\"><\/div>\n\t\t\t\t\t\t<\/div>\n\t\t\t\t<\/div>\n\t\t\t\t\t<\/div>\n\t\t\t\t<\/div>\n\t\t<div class=\"elementor-element elementor-element-32226e6 e-flex e-con-boxed e-con e-parent\" data-id=\"32226e6\" data-element_type=\"container\">\n\t\t\t\t\t<div class=\"e-con-inner\">\n\t\t<div class=\"elementor-element elementor-element-5f964ef e-con-full e-flex e-con e-child\" data-id=\"5f964ef\" data-element_type=\"container\">\n\t\t\t\t<div class=\"elementor-element elementor-element-e35eb80 elementor-widget elementor-widget-heading\" data-id=\"e35eb80\" data-element_type=\"widget\" data-widget_type=\"heading.default\">\n\t\t\t\t<div class=\"elementor-widget-container\">\n\t\t\t\t\t<h2 class=\"elementor-heading-title elementor-size-default\">V Taller de Arqueolog\u00eda e Is\u00f3topos en el Sur de Sudam\u00e9rica\n<br><br>\nCoyhaique 2025<\/h2>\t\t\t\t<\/div>\n\t\t\t\t<\/div>\n\t\t\t\t<\/div>\n\t\t<div class=\"elementor-element elementor-element-451b925 e-con-full e-flex e-con e-child\" data-id=\"451b925\" data-element_type=\"container\">\n\t\t\t\t<div class=\"elementor-element elementor-element-9636bab elementor-widget elementor-widget-image\" data-id=\"9636bab\" data-element_type=\"widget\" data-widget_type=\"image.default\">\n\t\t\t\t<div class=\"elementor-widget-container\">\n\t\t\t\t\t\t\t\t\t\t\t\t\t\t\t<img fetchpriority=\"high\" decoding=\"async\" width=\"278\" height=\"300\" src=\"https:\/\/ciep.cl\/inicio\/wp-content\/uploads\/2025\/06\/LOGO-V-Taller-p-1-278x300.png\" class=\"attachment-medium size-medium wp-image-10838\" alt=\"\" srcset=\"https:\/\/ciep.cl\/inicio\/wp-content\/uploads\/2025\/06\/LOGO-V-Taller-p-1-278x300.png 278w, https:\/\/ciep.cl\/inicio\/wp-content\/uploads\/2025\/06\/LOGO-V-Taller-p-1.png 950w\" sizes=\"(max-width: 278px) 100vw, 278px\" \/>\t\t\t\t\t\t\t\t\t\t\t\t\t\t\t<\/div>\n\t\t\t\t<\/div>\n\t\t\t\t<\/div>\n\t\t\t\t\t<\/div>\n\t\t\t\t<\/div>\n\t\t<div class=\"elementor-element elementor-element-48af729 e-flex e-con-boxed e-con e-parent\" data-id=\"48af729\" data-element_type=\"container\">\n\t\t\t\t\t<div class=\"e-con-inner\">\n\t\t<div class=\"elementor-element elementor-element-2b8585a e-con-full e-flex e-con e-child\" data-id=\"2b8585a\" data-element_type=\"container\">\n\t\t\t\t<div class=\"elementor-element elementor-element-b0f80f0 elementor-widget elementor-widget-heading\" data-id=\"b0f80f0\" data-element_type=\"widget\" data-widget_type=\"heading.default\">\n\t\t\t\t<div class=\"elementor-widget-container\">\n\t\t\t\t\t<h2 class=\"elementor-heading-title elementor-size-default\">El taller<\/h2>\t\t\t\t<\/div>\n\t\t\t\t<\/div>\n\t\t\t\t<div class=\"elementor-element elementor-element-794bd22 elementor-widget elementor-widget-text-editor\" data-id=\"794bd22\" data-element_type=\"widget\" data-widget_type=\"text-editor.default\">\n\t\t\t\t<div class=\"elementor-widget-container\">\n\t\t\t\t\t\t\t\t\t<p>Esta reuni\u00f3n tiene como prop\u00f3sito el encuentro de distintos investigadores relacionados con el estudio de is\u00f3topos estables aplicado a la arqueolog\u00eda en el Cono Sur. La idea del encuentro es compartir conocimientos actualizados sobre nuevas tem\u00e1ticas y t\u00e9cnicas aplicadas en esta \u00e1rea del conocimiento, as\u00ed como la generaci\u00f3n de un di\u00e1logo entre los distintos actores que participan en ella. Esta edici\u00f3n del Taller tendr\u00e1 lugar en la ciudad de Coyhaique (Regi\u00f3n de Ays\u00e9n, Chile) entre los d\u00edas 11 y 14 de noviembre de 2025 y contar\u00e1 con el patrocinio del Centro de Investigaci\u00f3n en Ecosistemas de la Patagonia (CIEP).<\/p>\t\t\t\t\t\t\t\t<\/div>\n\t\t\t\t<\/div>\n\t\t\t\t<div class=\"elementor-element elementor-element-3962c99 elementor-widget elementor-widget-text-editor\" data-id=\"3962c99\" data-element_type=\"widget\" data-widget_type=\"text-editor.default\">\n\t\t\t\t<div class=\"elementor-widget-container\">\n\t\t\t\t\t\t\t\t\t<p><a href=\"https:\/\/ciep.cl\/arqueologia\/Primera%20circular%20V%20Taller%20Arqueologia%20e%20Isotopos.pdf\">Primera Circular<\/a> \/ <a href=\"https:\/\/ciep.cl\/arqueologia\/First%20Communication%20V%20Workshop%20Archaeology%20and%20Isotopes.pdf\">First Communication<\/a><\/p><p><a href=\"https:\/\/ciep.cl\/arqueologia\/Segunda%20circular%20V%20Taller%20Arqueologia%20e%20Isotopos.pdf\">Segunda Circular<\/a> \/ <a href=\"https:\/\/ciep.cl\/arqueologia\/Second%20communication%20V%20Workshop%20Archaeology%20and%20Isotopes.pdf\">Second Communication<\/a><\/p><p><a href=\"https:\/\/ciep.cl\/arqueologia\/Tercera%20Circular%20V%20Taller%20Is\u00f3topos%20Espa\u00f1ol.pdf\">Tercera Circular <\/a>\/<a href=\"https:\/\/ciep.cl\/arqueologia\/Third%20communication%20V%20Workshop%20Isotopes%20English.pdf\"> Third Communication<\/a><\/p><p><a href=\"https:\/\/ciep.cl\/arqueologia\/Cuarta%20Circular.pdf\">Cuarta Circular<\/a> <strong>\/<\/strong> <a href=\"https:\/\/ciep.cl\/arqueologia\/Fourth%20Communication%20.pdf\">Fourth Communication<\/a><\/p>\t\t\t\t\t\t\t\t<\/div>\n\t\t\t\t<\/div>\n\t\t\t\t<div class=\"elementor-element elementor-element-222c5bf elementor-widget elementor-widget-heading\" data-id=\"222c5bf\" data-element_type=\"widget\" data-widget_type=\"heading.default\">\n\t\t\t\t<div class=\"elementor-widget-container\">\n\t\t\t\t\t<h2 class=\"elementor-heading-title elementor-size-default\">Comit\u00e9 organizador<\/h2>\t\t\t\t<\/div>\n\t\t\t\t<\/div>\n\t\t\t\t<div class=\"elementor-element elementor-element-00a92e9 elementor-widget elementor-widget-text-editor\" data-id=\"00a92e9\" data-element_type=\"widget\" data-widget_type=\"text-editor.default\">\n\t\t\t\t<div class=\"elementor-widget-container\">\n\t\t\t\t\t\t\t\t\t<p>Fernanda Falabella &#8211; Anah\u00ed Maturana &#8211; Javier Montalvo Cabrera &#8211; Constanza Roa Sol\u00eds &#8211; <span data-olk-copy-source=\"MessageBody\">Camila Riera-Soto &#8211; <\/span>Celeste Samec &#8211; Francisca Santana Sagredo &#8211; Christophe Snoeck<\/p>\t\t\t\t\t\t\t\t<\/div>\n\t\t\t\t<\/div>\n\t\t<div class=\"elementor-element elementor-element-dfee173 e-con-full e-flex e-con e-child\" data-id=\"dfee173\" data-element_type=\"container\">\n\t\t<div class=\"elementor-element elementor-element-f3006f5 e-grid e-con-full e-con e-child\" data-id=\"f3006f5\" data-element_type=\"container\">\n\t\t\t\t<div class=\"elementor-element elementor-element-686e985 elementor-widget elementor-widget-image\" data-id=\"686e985\" data-element_type=\"widget\" data-widget_type=\"image.default\">\n\t\t\t\t<div class=\"elementor-widget-container\">\n\t\t\t\t\t\t\t\t\t\t\t\t\t\t\t<img decoding=\"async\" width=\"826\" height=\"1024\" src=\"https:\/\/ciep.cl\/inicio\/wp-content\/uploads\/2025\/06\/Originales-ajuste-logotipo-Ciep-2021-07-1-826x1024.png\" class=\"attachment-large size-large wp-image-10844\" alt=\"\" srcset=\"https:\/\/ciep.cl\/inicio\/wp-content\/uploads\/2025\/06\/Originales-ajuste-logotipo-Ciep-2021-07-1-826x1024.png 826w, https:\/\/ciep.cl\/inicio\/wp-content\/uploads\/2025\/06\/Originales-ajuste-logotipo-Ciep-2021-07-1-242x300.png 242w, https:\/\/ciep.cl\/inicio\/wp-content\/uploads\/2025\/06\/Originales-ajuste-logotipo-Ciep-2021-07-1-768x953.png 768w, https:\/\/ciep.cl\/inicio\/wp-content\/uploads\/2025\/06\/Originales-ajuste-logotipo-Ciep-2021-07-1-1238x1536.png 1238w, https:\/\/ciep.cl\/inicio\/wp-content\/uploads\/2025\/06\/Originales-ajuste-logotipo-Ciep-2021-07-1-1651x2048.png 1651w\" sizes=\"(max-width: 826px) 100vw, 826px\" \/>\t\t\t\t\t\t\t\t\t\t\t\t\t\t\t<\/div>\n\t\t\t\t<\/div>\n\t\t\t\t<div class=\"elementor-element elementor-element-c5bb833 elementor-widget elementor-widget-image\" data-id=\"c5bb833\" data-element_type=\"widget\" data-widget_type=\"image.default\">\n\t\t\t\t<div class=\"elementor-widget-container\">\n\t\t\t\t\t\t\t\t\t\t\t\t\t\t\t<img decoding=\"async\" width=\"881\" height=\"503\" src=\"https:\/\/ciep.cl\/inicio\/wp-content\/uploads\/2025\/06\/ESC.-ANTROPOLOGIA-UC-02.jpg\" class=\"attachment-large size-large wp-image-10845\" alt=\"\" srcset=\"https:\/\/ciep.cl\/inicio\/wp-content\/uploads\/2025\/06\/ESC.-ANTROPOLOGIA-UC-02.jpg 881w, https:\/\/ciep.cl\/inicio\/wp-content\/uploads\/2025\/06\/ESC.-ANTROPOLOGIA-UC-02-300x171.jpg 300w, https:\/\/ciep.cl\/inicio\/wp-content\/uploads\/2025\/06\/ESC.-ANTROPOLOGIA-UC-02-768x438.jpg 768w\" sizes=\"(max-width: 881px) 100vw, 881px\" \/>\t\t\t\t\t\t\t\t\t\t\t\t\t\t\t<\/div>\n\t\t\t\t<\/div>\n\t\t\t\t<div class=\"elementor-element elementor-element-c9f76f0 elementor-widget elementor-widget-image\" data-id=\"c9f76f0\" data-element_type=\"widget\" data-widget_type=\"image.default\">\n\t\t\t\t<div class=\"elementor-widget-container\">\n\t\t\t\t\t\t\t\t\t\t\t\t\t\t\t<img loading=\"lazy\" decoding=\"async\" width=\"1024\" height=\"377\" src=\"https:\/\/ciep.cl\/inicio\/wp-content\/uploads\/2025\/06\/Logo-Ingeis-2023-1024x377.jpg\" class=\"attachment-large size-large wp-image-10846\" alt=\"\" srcset=\"https:\/\/ciep.cl\/inicio\/wp-content\/uploads\/2025\/06\/Logo-Ingeis-2023-1024x377.jpg 1024w, https:\/\/ciep.cl\/inicio\/wp-content\/uploads\/2025\/06\/Logo-Ingeis-2023-300x110.jpg 300w, https:\/\/ciep.cl\/inicio\/wp-content\/uploads\/2025\/06\/Logo-Ingeis-2023-768x283.jpg 768w, https:\/\/ciep.cl\/inicio\/wp-content\/uploads\/2025\/06\/Logo-Ingeis-2023.jpg 1065w\" sizes=\"(max-width: 1024px) 100vw, 1024px\" \/>\t\t\t\t\t\t\t\t\t\t\t\t\t\t\t<\/div>\n\t\t\t\t<\/div>\n\t\t\t\t<\/div>\n\t\t<div class=\"elementor-element elementor-element-bdb6291 e-grid e-con-boxed e-con e-child\" data-id=\"bdb6291\" data-element_type=\"container\">\n\t\t\t\t\t<div class=\"e-con-inner\">\n\t\t\t\t<div class=\"elementor-element elementor-element-ed59ff0 elementor-widget elementor-widget-image\" data-id=\"ed59ff0\" data-element_type=\"widget\" data-widget_type=\"image.default\">\n\t\t\t\t<div class=\"elementor-widget-container\">\n\t\t\t\t\t\t\t\t\t\t\t\t\t\t\t<img loading=\"lazy\" decoding=\"async\" width=\"1016\" height=\"1024\" src=\"https:\/\/ciep.cl\/inicio\/wp-content\/uploads\/2025\/06\/escudo-uchile-vertical-azul-1016x1024.jpg\" class=\"attachment-large size-large wp-image-10847\" alt=\"\" srcset=\"https:\/\/ciep.cl\/inicio\/wp-content\/uploads\/2025\/06\/escudo-uchile-vertical-azul-1016x1024.jpg 1016w, https:\/\/ciep.cl\/inicio\/wp-content\/uploads\/2025\/06\/escudo-uchile-vertical-azul-298x300.jpg 298w, https:\/\/ciep.cl\/inicio\/wp-content\/uploads\/2025\/06\/escudo-uchile-vertical-azul-150x150.jpg 150w, https:\/\/ciep.cl\/inicio\/wp-content\/uploads\/2025\/06\/escudo-uchile-vertical-azul-768x774.jpg 768w, https:\/\/ciep.cl\/inicio\/wp-content\/uploads\/2025\/06\/escudo-uchile-vertical-azul.jpg 1344w\" sizes=\"(max-width: 1016px) 100vw, 1016px\" \/>\t\t\t\t\t\t\t\t\t\t\t\t\t\t\t<\/div>\n\t\t\t\t<\/div>\n\t\t\t\t<div class=\"elementor-element elementor-element-5594f38 elementor-widget elementor-widget-image\" data-id=\"5594f38\" data-element_type=\"widget\" data-widget_type=\"image.default\">\n\t\t\t\t<div class=\"elementor-widget-container\">\n\t\t\t\t\t\t\t\t\t\t\t\t\t\t\t<img loading=\"lazy\" decoding=\"async\" width=\"1024\" height=\"456\" src=\"https:\/\/ciep.cl\/inicio\/wp-content\/uploads\/2025\/06\/1280px-Vrije_Universiteit_Brussel_logo.svg-1024x456.png\" class=\"attachment-large size-large wp-image-10848\" alt=\"\" srcset=\"https:\/\/ciep.cl\/inicio\/wp-content\/uploads\/2025\/06\/1280px-Vrije_Universiteit_Brussel_logo.svg-1024x456.png 1024w, https:\/\/ciep.cl\/inicio\/wp-content\/uploads\/2025\/06\/1280px-Vrije_Universiteit_Brussel_logo.svg-300x134.png 300w, https:\/\/ciep.cl\/inicio\/wp-content\/uploads\/2025\/06\/1280px-Vrije_Universiteit_Brussel_logo.svg-768x342.png 768w, https:\/\/ciep.cl\/inicio\/wp-content\/uploads\/2025\/06\/1280px-Vrije_Universiteit_Brussel_logo.svg.png 1280w\" sizes=\"(max-width: 1024px) 100vw, 1024px\" \/>\t\t\t\t\t\t\t\t\t\t\t\t\t\t\t<\/div>\n\t\t\t\t<\/div>\n\t\t\t\t<div class=\"elementor-element elementor-element-d7772d7 elementor-widget elementor-widget-image\" data-id=\"d7772d7\" data-element_type=\"widget\" data-widget_type=\"image.default\">\n\t\t\t\t<div class=\"elementor-widget-container\">\n\t\t\t\t\t\t\t\t\t\t\t\t\t\t\t<img loading=\"lazy\" decoding=\"async\" width=\"652\" height=\"652\" src=\"https:\/\/ciep.cl\/inicio\/wp-content\/uploads\/2025\/06\/university-of-leicester-logo-vector.svg\" class=\"attachment-large size-large wp-image-10886\" alt=\"\" \/>\t\t\t\t\t\t\t\t\t\t\t\t\t\t\t<\/div>\n\t\t\t\t<\/div>\n\t\t\t\t\t<\/div>\n\t\t\t\t<\/div>\n\t\t<div class=\"elementor-element elementor-element-c629f3a e-grid e-con-full e-con e-child\" data-id=\"c629f3a\" data-element_type=\"container\">\n\t\t\t\t<div class=\"elementor-element elementor-element-81e1f92 elementor-widget elementor-widget-image\" data-id=\"81e1f92\" data-element_type=\"widget\" data-widget_type=\"image.default\">\n\t\t\t\t<div class=\"elementor-widget-container\">\n\t\t\t\t\t\t\t\t\t\t\t\t\t\t\t<img loading=\"lazy\" decoding=\"async\" width=\"1008\" height=\"1024\" src=\"https:\/\/ciep.cl\/inicio\/wp-content\/uploads\/2025\/06\/UCT-logo-1008x1024.png\" class=\"attachment-large size-large wp-image-10887\" alt=\"\" srcset=\"https:\/\/ciep.cl\/inicio\/wp-content\/uploads\/2025\/06\/UCT-logo-1008x1024.png 1008w, https:\/\/ciep.cl\/inicio\/wp-content\/uploads\/2025\/06\/UCT-logo-295x300.png 295w, https:\/\/ciep.cl\/inicio\/wp-content\/uploads\/2025\/06\/UCT-logo-768x780.png 768w, https:\/\/ciep.cl\/inicio\/wp-content\/uploads\/2025\/06\/UCT-logo-1513x1536.png 1513w, https:\/\/ciep.cl\/inicio\/wp-content\/uploads\/2025\/06\/UCT-logo.png 1549w\" sizes=\"(max-width: 1008px) 100vw, 1008px\" \/>\t\t\t\t\t\t\t\t\t\t\t\t\t\t\t<\/div>\n\t\t\t\t<\/div>\n\t\t\t\t<div class=\"elementor-element elementor-element-6cd6847 elementor-widget elementor-widget-image\" data-id=\"6cd6847\" data-element_type=\"widget\" data-widget_type=\"image.default\">\n\t\t\t\t<div class=\"elementor-widget-container\">\n\t\t\t\t\t\t\t\t\t\t\t\t\t\t\t<img loading=\"lazy\" decoding=\"async\" width=\"1024\" height=\"304\" src=\"https:\/\/ciep.cl\/inicio\/wp-content\/uploads\/2025\/06\/Logo-Formacion-Geologica-1024x304.jpg\" class=\"attachment-large size-large wp-image-10888\" alt=\"\" srcset=\"https:\/\/ciep.cl\/inicio\/wp-content\/uploads\/2025\/06\/Logo-Formacion-Geologica-1024x304.jpg 1024w, https:\/\/ciep.cl\/inicio\/wp-content\/uploads\/2025\/06\/Logo-Formacion-Geologica-300x89.jpg 300w, https:\/\/ciep.cl\/inicio\/wp-content\/uploads\/2025\/06\/Logo-Formacion-Geologica-768x228.jpg 768w, https:\/\/ciep.cl\/inicio\/wp-content\/uploads\/2025\/06\/Logo-Formacion-Geologica-1536x456.jpg 1536w, https:\/\/ciep.cl\/inicio\/wp-content\/uploads\/2025\/06\/Logo-Formacion-Geologica.jpg 1896w\" sizes=\"(max-width: 1024px) 100vw, 1024px\" \/>\t\t\t\t\t\t\t\t\t\t\t\t\t\t\t<\/div>\n\t\t\t\t<\/div>\n\t\t\t\t<\/div>\n\t\t\t\t<div class=\"elementor-element elementor-element-aa4dc81 elementor-widget elementor-widget-heading\" data-id=\"aa4dc81\" data-element_type=\"widget\" data-widget_type=\"heading.default\">\n\t\t\t\t<div class=\"elementor-widget-container\">\n\t\t\t\t\t<h2 class=\"elementor-heading-title elementor-size-default\">Financia<\/h2>\t\t\t\t<\/div>\n\t\t\t\t<\/div>\n\t\t<div class=\"elementor-element elementor-element-6bff866 e-grid e-con-full e-con e-child\" data-id=\"6bff866\" data-element_type=\"container\">\n\t\t\t\t<div class=\"elementor-element elementor-element-4e1a208 elementor-widget elementor-widget-image\" data-id=\"4e1a208\" data-element_type=\"widget\" data-widget_type=\"image.default\">\n\t\t\t\t<div class=\"elementor-widget-container\">\n\t\t\t\t\t\t\t\t\t\t\t\t\t\t\t<img loading=\"lazy\" decoding=\"async\" width=\"242\" height=\"300\" src=\"https:\/\/ciep.cl\/inicio\/wp-content\/uploads\/2025\/06\/Originales-ajuste-logotipo-Ciep-2021-07-1-242x300.png\" class=\"attachment-medium size-medium wp-image-10844\" alt=\"\" srcset=\"https:\/\/ciep.cl\/inicio\/wp-content\/uploads\/2025\/06\/Originales-ajuste-logotipo-Ciep-2021-07-1-242x300.png 242w, https:\/\/ciep.cl\/inicio\/wp-content\/uploads\/2025\/06\/Originales-ajuste-logotipo-Ciep-2021-07-1-826x1024.png 826w, https:\/\/ciep.cl\/inicio\/wp-content\/uploads\/2025\/06\/Originales-ajuste-logotipo-Ciep-2021-07-1-768x953.png 768w, https:\/\/ciep.cl\/inicio\/wp-content\/uploads\/2025\/06\/Originales-ajuste-logotipo-Ciep-2021-07-1-1238x1536.png 1238w, https:\/\/ciep.cl\/inicio\/wp-content\/uploads\/2025\/06\/Originales-ajuste-logotipo-Ciep-2021-07-1-1651x2048.png 1651w\" sizes=\"(max-width: 242px) 100vw, 242px\" \/>\t\t\t\t\t\t\t\t\t\t\t\t\t\t\t<\/div>\n\t\t\t\t<\/div>\n\t\t\t\t<div class=\"elementor-element elementor-element-ebd028b elementor-widget elementor-widget-image\" data-id=\"ebd028b\" data-element_type=\"widget\" data-widget_type=\"image.default\">\n\t\t\t\t<div class=\"elementor-widget-container\">\n\t\t\t\t\t\t\t\t\t\t\t\t\t\t\t<img loading=\"lazy\" decoding=\"async\" width=\"924\" height=\"838\" src=\"https:\/\/ciep.cl\/inicio\/wp-content\/uploads\/2025\/06\/2.png\" class=\"attachment-large size-large wp-image-10738\" alt=\"\" srcset=\"https:\/\/ciep.cl\/inicio\/wp-content\/uploads\/2025\/06\/2.png 924w, https:\/\/ciep.cl\/inicio\/wp-content\/uploads\/2025\/06\/2-300x272.png 300w, https:\/\/ciep.cl\/inicio\/wp-content\/uploads\/2025\/06\/2-768x697.png 768w\" sizes=\"(max-width: 924px) 100vw, 924px\" \/>\t\t\t\t\t\t\t\t\t\t\t\t\t\t\t<\/div>\n\t\t\t\t<\/div>\n\t\t\t\t<\/div>\n\t\t\t\t<div class=\"elementor-element elementor-element-a6466ae elementor-widget elementor-widget-heading\" data-id=\"a6466ae\" data-element_type=\"widget\" data-widget_type=\"heading.default\">\n\t\t\t\t<div class=\"elementor-widget-container\">\n\t\t\t\t\t<h2 class=\"elementor-heading-title elementor-size-default\">Colabora<\/h2>\t\t\t\t<\/div>\n\t\t\t\t<\/div>\n\t\t<div class=\"elementor-element elementor-element-982a01e e-grid e-con-full e-con e-child\" data-id=\"982a01e\" data-element_type=\"container\">\n\t\t\t\t<div class=\"elementor-element elementor-element-99bfcfc elementor-widget elementor-widget-image\" data-id=\"99bfcfc\" data-element_type=\"widget\" data-widget_type=\"image.default\">\n\t\t\t\t<div class=\"elementor-widget-container\">\n\t\t\t\t\t\t\t\t\t\t\t\t\t\t\t<img loading=\"lazy\" decoding=\"async\" width=\"768\" height=\"304\" src=\"https:\/\/ciep.cl\/inicio\/wp-content\/uploads\/2025\/06\/2.-Monocromo_SeremiSerpatMRAY_RGB_V-768x304.png\" class=\"attachment-medium_large size-medium_large wp-image-10849\" alt=\"\" srcset=\"https:\/\/ciep.cl\/inicio\/wp-content\/uploads\/2025\/06\/2.-Monocromo_SeremiSerpatMRAY_RGB_V-768x304.png 768w, https:\/\/ciep.cl\/inicio\/wp-content\/uploads\/2025\/06\/2.-Monocromo_SeremiSerpatMRAY_RGB_V-300x119.png 300w, https:\/\/ciep.cl\/inicio\/wp-content\/uploads\/2025\/06\/2.-Monocromo_SeremiSerpatMRAY_RGB_V-1024x405.png 1024w, https:\/\/ciep.cl\/inicio\/wp-content\/uploads\/2025\/06\/2.-Monocromo_SeremiSerpatMRAY_RGB_V-1536x608.png 1536w, https:\/\/ciep.cl\/inicio\/wp-content\/uploads\/2025\/06\/2.-Monocromo_SeremiSerpatMRAY_RGB_V-2048x811.png 2048w\" sizes=\"(max-width: 768px) 100vw, 768px\" \/>\t\t\t\t\t\t\t\t\t\t\t\t\t\t\t<\/div>\n\t\t\t\t<\/div>\n\t\t\t\t<div class=\"elementor-element elementor-element-7253531 elementor-widget elementor-widget-image\" data-id=\"7253531\" data-element_type=\"widget\" data-widget_type=\"image.default\">\n\t\t\t\t<div class=\"elementor-widget-container\">\n\t\t\t\t\t\t\t\t\t\t\t\t\t\t\t<img loading=\"lazy\" decoding=\"async\" width=\"768\" height=\"590\" src=\"https:\/\/ciep.cl\/inicio\/wp-content\/uploads\/2025\/11\/Serpat-Ayse\u0301n-CMN_negro-copia.png\" class=\"attachment-medium_large size-medium_large wp-image-11432\" alt=\"\" \/>\t\t\t\t\t\t\t\t\t\t\t\t\t\t\t<\/div>\n\t\t\t\t<\/div>\n\t\t\t\t<\/div>\n\t\t\t\t<div class=\"elementor-element elementor-element-e9db7c6 elementor-widget elementor-widget-heading\" data-id=\"e9db7c6\" data-element_type=\"widget\" data-widget_type=\"heading.default\">\n\t\t\t\t<div class=\"elementor-widget-container\">\n\t\t\t\t\t<h2 class=\"elementor-heading-title elementor-size-default\">auspicia<\/h2>\t\t\t\t<\/div>\n\t\t\t\t<\/div>\n\t\t\t\t<div class=\"elementor-element elementor-element-a4ff986 elementor-widget elementor-widget-image\" data-id=\"a4ff986\" data-element_type=\"widget\" data-widget_type=\"image.default\">\n\t\t\t\t<div class=\"elementor-widget-container\">\n\t\t\t\t\t\t\t\t\t\t\t\t\t\t\t<img loading=\"lazy\" decoding=\"async\" width=\"768\" height=\"240\" src=\"https:\/\/ciep.cl\/inicio\/wp-content\/uploads\/2025\/11\/logo-soteq.png\" class=\"attachment-medium_large size-medium_large wp-image-11431\" alt=\"\" \/>\t\t\t\t\t\t\t\t\t\t\t\t\t\t\t<\/div>\n\t\t\t\t<\/div>\n\t\t\t\t<\/div>\n\t\t\t\t<\/div>\n\t\t<div class=\"elementor-element elementor-element-5b3f487 e-con-full e-flex e-con e-child\" data-id=\"5b3f487\" data-element_type=\"container\">\n\t\t<div class=\"elementor-element elementor-element-2bd8a4b e-con-full e-flex e-con e-child\" data-id=\"2bd8a4b\" data-element_type=\"container\">\n\t\t\t\t<div class=\"elementor-element elementor-element-c5bdc8a elementor-widget elementor-widget-heading\" data-id=\"c5bdc8a\" data-element_type=\"widget\" data-widget_type=\"heading.default\">\n\t\t\t\t<div class=\"elementor-widget-container\">\n\t\t\t\t\t<h2 class=\"elementor-heading-title elementor-size-default\"><a href=\"https:\/\/ciep.cl\/inicio\/arqueologia-e-isotopos\/#mesas\">Mesas tem\u00e1ticas<\/a><\/h2>\t\t\t\t<\/div>\n\t\t\t\t<\/div>\n\t\t\t\t<\/div>\n\t\t<div class=\"elementor-element elementor-element-7b2d5aa e-con-full e-flex e-con e-child\" data-id=\"7b2d5aa\" data-element_type=\"container\">\n\t\t\t\t<div class=\"elementor-element elementor-element-d512da3 elementor-widget elementor-widget-heading\" data-id=\"d512da3\" data-element_type=\"widget\" data-widget_type=\"heading.default\">\n\t\t\t\t<div class=\"elementor-widget-container\">\n\t\t\t\t\t<h2 class=\"elementor-heading-title elementor-size-default\"><a href=\"https:\/\/ciep.cl\/inicio\/arqueologia-e-isotopos\/#conferencias\">Conferencias y workshop<\/a><\/h2>\t\t\t\t<\/div>\n\t\t\t\t<\/div>\n\t\t\t\t<\/div>\n\t\t<div class=\"elementor-element elementor-element-31b4029 e-con-full e-flex e-con e-child\" data-id=\"31b4029\" data-element_type=\"container\">\n\t\t\t\t<div class=\"elementor-element elementor-element-a40c06c elementor-widget elementor-widget-heading\" data-id=\"a40c06c\" data-element_type=\"widget\" data-widget_type=\"heading.default\">\n\t\t\t\t<div class=\"elementor-widget-container\">\n\t\t\t\t\t<h2 class=\"elementor-heading-title elementor-size-default\"><a href=\"https:\/\/ciep.cl\/inicio\/arqueologia-e-isotopos\/#salida\">Salida de campo<\/a><\/h2>\t\t\t\t<\/div>\n\t\t\t\t<\/div>\n\t\t\t\t<\/div>\n\t\t<div class=\"elementor-element elementor-element-b60cdb2 e-con-full e-flex e-con e-child\" data-id=\"b60cdb2\" data-element_type=\"container\">\n\t\t\t\t<div class=\"elementor-element elementor-element-e903a78 elementor-widget elementor-widget-heading\" data-id=\"e903a78\" data-element_type=\"widget\" data-widget_type=\"heading.default\">\n\t\t\t\t<div class=\"elementor-widget-container\">\n\t\t\t\t\t<h2 class=\"elementor-heading-title elementor-size-default\"><a href=\"https:\/\/ciep.cl\/inicio\/wp-content\/uploads\/2025\/11\/Libro-de-resumenes-V-Taller-light.pdf\">ABSTRACTS<\/a><\/h2>\t\t\t\t<\/div>\n\t\t\t\t<\/div>\n\t\t\t\t<\/div>\n\t\t<div class=\"elementor-element elementor-element-75f7bb2 e-con-full e-flex e-con e-child\" data-id=\"75f7bb2\" data-element_type=\"container\">\n\t\t\t\t<div class=\"elementor-element elementor-element-4e9ec04 elementor-widget elementor-widget-heading\" data-id=\"4e9ec04\" data-element_type=\"widget\" data-widget_type=\"heading.default\">\n\t\t\t\t<div class=\"elementor-widget-container\">\n\t\t\t\t\t<h2 class=\"elementor-heading-title elementor-size-default\"><a href=\"https:\/\/ciep.cl\/inicio\/wp-content\/uploads\/2025\/11\/CRONOGRAMA-FINAL-isotopos.pdf\">Cronograma<\/a><\/h2>\t\t\t\t<\/div>\n\t\t\t\t<\/div>\n\t\t\t\t<\/div>\n\t\t<div class=\"elementor-element elementor-element-3e08c0c e-con-full e-flex e-con e-child\" data-id=\"3e08c0c\" data-element_type=\"container\">\n\t\t<div class=\"elementor-element elementor-element-e5b1031 e-grid e-con-full e-con e-child\" data-id=\"e5b1031\" data-element_type=\"container\">\n\t\t\t\t<div class=\"elementor-element elementor-element-1b93dab elementor-widget elementor-widget-heading\" data-id=\"1b93dab\" data-element_type=\"widget\" data-widget_type=\"heading.default\">\n\t\t\t\t<div class=\"elementor-widget-container\">\n\t\t\t\t\t<h2 class=\"elementor-heading-title elementor-size-default\">Redes sociales<\/h2>\t\t\t\t<\/div>\n\t\t\t\t<\/div>\n\t\t\t\t<div class=\"elementor-element elementor-element-895a8a6 elementor-shape-circle elementor-grid-0 e-grid-align-center elementor-widget elementor-widget-social-icons\" data-id=\"895a8a6\" data-element_type=\"widget\" data-widget_type=\"social-icons.default\">\n\t\t\t\t<div class=\"elementor-widget-container\">\n\t\t\t\t\t\t\t<div class=\"elementor-social-icons-wrapper elementor-grid\">\n\t\t\t\t\t\t\t<span class=\"elementor-grid-item\">\n\t\t\t\t\t<a class=\"elementor-icon elementor-social-icon elementor-social-icon-instagram elementor-repeater-item-f8805d2\" href=\"https:\/\/www.instagram.com\/vtallerisotopos_sudamerica\/%20\" target=\"_blank\">\n\t\t\t\t\t\t<span class=\"elementor-screen-only\">Instagram<\/span>\n\t\t\t\t\t\t<svg class=\"e-font-icon-svg e-fab-instagram\" viewBox=\"0 0 448 512\" xmlns=\"http:\/\/www.w3.org\/2000\/svg\"><path d=\"M224.1 141c-63.6 0-114.9 51.3-114.9 114.9s51.3 114.9 114.9 114.9S339 319.5 339 255.9 287.7 141 224.1 141zm0 189.6c-41.1 0-74.7-33.5-74.7-74.7s33.5-74.7 74.7-74.7 74.7 33.5 74.7 74.7-33.6 74.7-74.7 74.7zm146.4-194.3c0 14.9-12 26.8-26.8 26.8-14.9 0-26.8-12-26.8-26.8s12-26.8 26.8-26.8 26.8 12 26.8 26.8zm76.1 27.2c-1.7-35.9-9.9-67.7-36.2-93.9-26.2-26.2-58-34.4-93.9-36.2-37-2.1-147.9-2.1-184.9 0-35.8 1.7-67.6 9.9-93.9 36.1s-34.4 58-36.2 93.9c-2.1 37-2.1 147.9 0 184.9 1.7 35.9 9.9 67.7 36.2 93.9s58 34.4 93.9 36.2c37 2.1 147.9 2.1 184.9 0 35.9-1.7 67.7-9.9 93.9-36.2 26.2-26.2 34.4-58 36.2-93.9 2.1-37 2.1-147.8 0-184.8zM398.8 388c-7.8 19.6-22.9 34.7-42.6 42.6-29.5 11.7-99.5 9-132.1 9s-102.7 2.6-132.1-9c-19.6-7.8-34.7-22.9-42.6-42.6-11.7-29.5-9-99.5-9-132.1s-2.6-102.7 9-132.1c7.8-19.6 22.9-34.7 42.6-42.6 29.5-11.7 99.5-9 132.1-9s102.7-2.6 132.1 9c19.6 7.8 34.7 22.9 42.6 42.6 11.7 29.5 9 99.5 9 132.1s2.7 102.7-9 132.1z\"><\/path><\/svg>\t\t\t\t\t<\/a>\n\t\t\t\t<\/span>\n\t\t\t\t\t<\/div>\n\t\t\t\t\t\t<\/div>\n\t\t\t\t<\/div>\n\t\t\t\t<\/div>\n\t\t\t\t<\/div>\n\t\t<div class=\"elementor-element elementor-element-3ae095e e-con-full e-flex e-con e-child\" data-id=\"3ae095e\" data-element_type=\"container\">\n\t\t\t\t<div class=\"elementor-element elementor-element-483019a elementor-widget elementor-widget-text-editor\" data-id=\"483019a\" data-element_type=\"widget\" data-widget_type=\"text-editor.default\">\n\t\t\t\t<div class=\"elementor-widget-container\">\n\t\t\t\t\t\t\t\t\t<p><strong>Contacto<\/strong><\/p><p>vtallerisotopossudamerica@gmail.com<\/p>\t\t\t\t\t\t\t\t<\/div>\n\t\t\t\t<\/div>\n\t\t\t\t<\/div>\n\t\t\t\t<\/div>\n\t\t\t\t\t<\/div>\n\t\t\t\t<\/div>\n\t\t<div class=\"elementor-element elementor-element-4f92abe e-flex e-con-boxed e-con e-parent\" data-id=\"4f92abe\" data-element_type=\"container\">\n\t\t\t\t\t<div class=\"e-con-inner\">\n\t\t\t\t<div class=\"elementor-element elementor-element-958c27e elementor-widget elementor-widget-heading\" data-id=\"958c27e\" data-element_type=\"widget\" data-widget_type=\"heading.default\">\n\t\t\t\t<div class=\"elementor-widget-container\">\n\t\t\t\t\t<h2 class=\"elementor-heading-title elementor-size-default\">Informaciones<\/h2>\t\t\t\t<\/div>\n\t\t\t\t<\/div>\n\t\t\t\t\t<\/div>\n\t\t\t\t<\/div>\n\t\t<div class=\"elementor-element elementor-element-1b6a61a e-flex e-con-boxed e-con e-parent\" data-id=\"1b6a61a\" data-element_type=\"container\">\n\t\t\t\t\t<div class=\"e-con-inner\">\n\t\t\t\t<div class=\"elementor-element elementor-element-262d2f0 elementor-widget elementor-widget-text-editor\" data-id=\"262d2f0\" data-element_type=\"widget\" data-widget_type=\"text-editor.default\">\n\t\t\t\t<div class=\"elementor-widget-container\">\n\t\t\t\t\t\t\t\t\t<p><strong>Env\u00edo Res\u00famenes <\/strong><\/p><p><span data-contrast=\"auto\">El plazo para el env\u00edo de res\u00famenes, tanto para comunicaciones orales como p\u00f3sters, se extendi\u00f3 <\/span><span data-contrast=\"none\">hasta el d\u00eda 30 de junio de 2025<\/span><span data-contrast=\"auto\">.<\/span><span data-ccp-props=\"{}\">\u00a0<\/span><\/p><p><span data-contrast=\"none\">Los res\u00famenes deber\u00e1n tener un m\u00e1ximo de 250 palabras en el cuerpo del texto, sin incluir referencias bibliogr\u00e1ficas. El idioma puede ser castellano o ingl\u00e9s. Deber\u00e1n contar con: t\u00edtulo, autor\/es, afiliaci\u00f3n institucional, palabras clave (hasta cinco) y eje tem\u00e1tico escogido. Los res\u00famenes deber\u00e1n ser enviados en formato Word, en el nombre del archivo deber\u00e1 indicarse el apellido del\/la autor\/a principal y el formato a presentar (p\u00f3ster o comunicaci\u00f3n oral). El l\u00edmite de res\u00famenes es de dos trabajos como primer autor, sin l\u00edmites para las coautor\u00edas.<\/span><span data-ccp-props=\"{}\">\u00a0<\/span><\/p><p><span data-contrast=\"none\">El costo de inscripci\u00f3n es de $45.000 CLP, el que debe ser abonado una vez se complete el registro en el siguiente <a href=\"https:\/\/forms.gle\/x4RpkMVQMCDatdiG8\">link<\/a>.<\/span><span data-ccp-props=\"{}\">\u00a0<\/span><\/p><p><strong>Sede Coyhaique<\/strong><\/p><p>La ciudad de Coyhaique es la capital de la Regi\u00f3n de Ays\u00e9n, con 57.818 habitantes, concentra alrededor del cincuenta por ciento de la poblaci\u00f3n regional. La regi\u00f3n se caracteriza por su paisaje glaciar, adem\u00e1s, al acceder desde el aeropuerto de Balmaceda por la carretera austral, se pueden divisar las fallas del Cerro la Virgen y la Muralla China, un yacimiento paleontol\u00f3gico del Cret\u00e1sico temprano. En la ciudad, lo m\u00e1s caracter\u00edstico es el cord\u00f3n Divisadero y su Cerro Mackay.<\/p>\t\t\t\t\t\t\t\t<\/div>\n\t\t\t\t<\/div>\n\t\t\t\t<div class=\"elementor-element elementor-element-2825323 elementor-widget elementor-widget-image\" data-id=\"2825323\" data-element_type=\"widget\" data-widget_type=\"image.default\">\n\t\t\t\t<div class=\"elementor-widget-container\">\n\t\t\t\t\t\t\t\t\t\t\t\t\t\t\t<img loading=\"lazy\" decoding=\"async\" width=\"768\" height=\"506\" src=\"https:\/\/ciep.cl\/inicio\/wp-content\/uploads\/2025\/06\/CerroMackay-redim-768x506.jpg\" class=\"attachment-medium_large size-medium_large wp-image-10982\" alt=\"\" srcset=\"https:\/\/ciep.cl\/inicio\/wp-content\/uploads\/2025\/06\/CerroMackay-redim-768x506.jpg 768w, https:\/\/ciep.cl\/inicio\/wp-content\/uploads\/2025\/06\/CerroMackay-redim-300x198.jpg 300w, https:\/\/ciep.cl\/inicio\/wp-content\/uploads\/2025\/06\/CerroMackay-redim-1024x674.jpg 1024w, https:\/\/ciep.cl\/inicio\/wp-content\/uploads\/2025\/06\/CerroMackay-redim-1536x1011.jpg 1536w, https:\/\/ciep.cl\/inicio\/wp-content\/uploads\/2025\/06\/CerroMackay-redim-2048x1349.jpg 2048w\" sizes=\"(max-width: 768px) 100vw, 768px\" \/>\t\t\t\t\t\t\t\t\t\t\t\t\t\t\t<\/div>\n\t\t\t\t<\/div>\n\t\t\t\t\t<\/div>\n\t\t\t\t<\/div>\n\t\t<div class=\"elementor-element elementor-element-a1c403b e-flex e-con-boxed e-con e-parent\" data-id=\"a1c403b\" data-element_type=\"container\">\n\t\t\t\t\t<div class=\"e-con-inner\">\n\t\t\t\t<div class=\"elementor-element elementor-element-dcac035 elementor-widget elementor-widget-text-editor\" data-id=\"dcac035\" data-element_type=\"widget\" data-widget_type=\"text-editor.default\">\n\t\t\t\t<div class=\"elementor-widget-container\">\n\t\t\t\t\t\t\t\t\t<p>El <a href=\"http:\/\/www.ciep.cl\">Centro de Investigaci\u00f3n en Ecosistemas de la Patagonia<\/a> ser\u00e1 el anfitri\u00f3n del taller. El CIEP fue creado el a\u00f1o 2005 con el fin de aportar al desarrollo y la sustentabilidad de la Patagonia a trav\u00e9s de investigaci\u00f3n cient\u00edfica de excelencia y de pertinencia regional.<\/p>\t\t\t\t\t\t\t\t<\/div>\n\t\t\t\t<\/div>\n\t\t\t\t\t<\/div>\n\t\t\t\t<\/div>\n\t\t<div class=\"elementor-element elementor-element-6988bb4 e-flex e-con-boxed e-con e-parent\" data-id=\"6988bb4\" data-element_type=\"container\">\n\t\t\t\t\t<div class=\"e-con-inner\">\n\t\t\t\t<div class=\"elementor-element elementor-element-c334f97 elementor-widget elementor-widget-image\" data-id=\"c334f97\" data-element_type=\"widget\" data-widget_type=\"image.default\">\n\t\t\t\t<div class=\"elementor-widget-container\">\n\t\t\t\t\t\t\t\t\t\t\t\t\t\t\t<img loading=\"lazy\" decoding=\"async\" width=\"768\" height=\"575\" src=\"https:\/\/ciep.cl\/inicio\/wp-content\/uploads\/2025\/06\/Centro-CIEP-768x575.jpg\" class=\"attachment-medium_large size-medium_large wp-image-10721\" alt=\"\" srcset=\"https:\/\/ciep.cl\/inicio\/wp-content\/uploads\/2025\/06\/Centro-CIEP-768x575.jpg 768w, https:\/\/ciep.cl\/inicio\/wp-content\/uploads\/2025\/06\/Centro-CIEP-300x225.jpg 300w, https:\/\/ciep.cl\/inicio\/wp-content\/uploads\/2025\/06\/Centro-CIEP-1024x767.jpg 1024w, https:\/\/ciep.cl\/inicio\/wp-content\/uploads\/2025\/06\/Centro-CIEP-1536x1151.jpg 1536w, https:\/\/ciep.cl\/inicio\/wp-content\/uploads\/2025\/06\/Centro-CIEP-2048x1534.jpg 2048w\" sizes=\"(max-width: 768px) 100vw, 768px\" \/>\t\t\t\t\t\t\t\t\t\t\t\t\t\t\t<\/div>\n\t\t\t\t<\/div>\n\t\t\t\t\t<\/div>\n\t\t\t\t<\/div>\n\t\t<div class=\"elementor-element elementor-element-ef355ba e-flex e-con-boxed e-con e-parent\" data-id=\"ef355ba\" data-element_type=\"container\">\n\t\t\t\t\t<div class=\"e-con-inner\">\n\t\t\t\t<div class=\"elementor-element elementor-element-9783edc elementor-widget elementor-widget-text-editor\" data-id=\"9783edc\" data-element_type=\"widget\" data-widget_type=\"text-editor.default\">\n\t\t\t\t<div class=\"elementor-widget-container\">\n\t\t\t\t\t\t\t\t\t<p>El <a href=\"https:\/\/www.museoregionalaysen.gob.cl\">Museo Regional de Ays\u00e9n<\/a> ofrecer\u00e1 su infraestructura para llevar a cabo el taller. El MuRAy abri\u00f3 sus puertas a la comunidad el a\u00f1o 2018, con la misi\u00f3n de reunir, resguardar, estudiar, difundir y exhibir el patrimonio regional.<\/p>\t\t\t\t\t\t\t\t<\/div>\n\t\t\t\t<\/div>\n\t\t\t\t\t<\/div>\n\t\t\t\t<\/div>\n\t\t<div class=\"elementor-element elementor-element-2999b2f e-flex e-con-boxed e-con e-parent\" data-id=\"2999b2f\" data-element_type=\"container\">\n\t\t\t\t\t<div class=\"e-con-inner\">\n\t\t\t\t<div class=\"elementor-element elementor-element-2bcd627 elementor-widget elementor-widget-image\" data-id=\"2bcd627\" data-element_type=\"widget\" data-widget_type=\"image.default\">\n\t\t\t\t<div class=\"elementor-widget-container\">\n\t\t\t\t\t\t\t\t\t\t\t\t\t\t\t<img loading=\"lazy\" decoding=\"async\" width=\"768\" height=\"596\" src=\"https:\/\/ciep.cl\/inicio\/wp-content\/uploads\/2025\/06\/Museo-redim-768x596.jpg\" class=\"attachment-medium_large size-medium_large wp-image-10983\" alt=\"\" srcset=\"https:\/\/ciep.cl\/inicio\/wp-content\/uploads\/2025\/06\/Museo-redim-768x596.jpg 768w, https:\/\/ciep.cl\/inicio\/wp-content\/uploads\/2025\/06\/Museo-redim-300x233.jpg 300w, https:\/\/ciep.cl\/inicio\/wp-content\/uploads\/2025\/06\/Museo-redim-1024x795.jpg 1024w, https:\/\/ciep.cl\/inicio\/wp-content\/uploads\/2025\/06\/Museo-redim-1536x1193.jpg 1536w, https:\/\/ciep.cl\/inicio\/wp-content\/uploads\/2025\/06\/Museo-redim-2048x1591.jpg 2048w\" sizes=\"(max-width: 768px) 100vw, 768px\" \/>\t\t\t\t\t\t\t\t\t\t\t\t\t\t\t<\/div>\n\t\t\t\t<\/div>\n\t\t\t\t\t<\/div>\n\t\t\t\t<\/div>\n\t\t<div class=\"elementor-element elementor-element-978d7fb e-flex e-con-boxed e-con e-parent\" data-id=\"978d7fb\" data-element_type=\"container\">\n\t\t\t\t\t<div class=\"e-con-inner\">\n\t\t\t\t<div class=\"elementor-element elementor-element-9b0ecb7 elementor-widget elementor-widget-text-editor\" data-id=\"9b0ecb7\" data-element_type=\"widget\" data-widget_type=\"text-editor.default\">\n\t\t\t\t<div class=\"elementor-widget-container\">\n\t\t\t\t\t\t\t\t\t<p>Para llegar a la ciudad de Coyhaique es necesario tomar un vuelo desde la ciudad de Santiago hasta el aeropuerto de Balmaceda. Las aerol\u00edneas Latam, JetSmart y Sky cuentan con vuelos que realizan este trayecto. Cabe destacar que la aerol\u00ednea Latam posee vuelos directos desde Santiago a Balmaceda, mientras que las aerol\u00edneas JetSmart y Sky realizan una escala en la ciudad de Puerto Montt. Una vez en Balmaceda hay transfers o buses que conectan el aeropuerto con la ciudad de Coyhaique por un valor aproximado de $9000 pesos chilenos. Los transfers o buses dejan a la persona directamente en su lugar de alojamiento.<br \/>Para informaci\u00f3n sobre hospedajes haz click <a href=\"https:\/\/turismocoyhaique.cl\/\">aqu\u00ed<\/a>.<\/p>\t\t\t\t\t\t\t\t<\/div>\n\t\t\t\t<\/div>\n\t\t\t\t\t<\/div>\n\t\t\t\t<\/div>\n\t\t<div class=\"elementor-element elementor-element-bded96d e-flex e-con-boxed e-con e-parent\" data-id=\"bded96d\" data-element_type=\"container\">\n\t\t\t\t\t<div class=\"e-con-inner\">\n\t\t\t\t<div class=\"elementor-element elementor-element-7470bf0 elementor-widget elementor-widget-text-editor\" data-id=\"7470bf0\" data-element_type=\"widget\" data-widget_type=\"text-editor.default\">\n\t\t\t\t<div class=\"elementor-widget-container\">\n\t\t\t\t\t\t\t\t\t<p class=\"western\"><span style=\"font-family: Avenir Book, serif;\">Conoce el patrimonio de Ays\u00e9n:<\/span><\/p><ul><li><p><a href=\"https:\/\/www.museoregionalaysen.gob.cl\/sites\/www.museoregionalaysen.gob.cl\/files\/2025-05\/%28web%29%20libro%20geositios%20de%20Aysen%202025.pdf\"><span style=\"font-family: Avenir Book, serif;\">Geositios de la Regi\u00f3n de Ays\u00e9n\u00a0<\/span><\/a><\/p><\/li><li><p><a href=\"https:\/\/storymaps.arcgis.com\/stories\/de348851468a4696a127ac3633539463\"><span style=\"font-family: Avenir Book, serif;\">Paisaje arqueol\u00f3gico de Ays\u00e9n s. XVIII-XX\u00a0<\/span><\/a><\/p><\/li><li><p><a href=\"https:\/\/storymaps.arcgis.com\/stories\/6cd9f908e6014e36abea8dee16e6d986\"><span style=\"font-family: Avenir Book, serif;\">Story Maps Arqueolog\u00eda Costa\u00a0<\/span><\/a><\/p><\/li><li><p><a href=\"https:\/\/ciep.maps.arcgis.com\/apps\/dashboards\/893f3ea2ab4b48f19e5f1a2d53e29798\"><span style=\"font-family: Avenir Book, serif;\">Principales Hallazgos Arqueol\u00f3gicos y Paleontol\u00f3gicos Ays\u00e9n y Magallanes\u00a0<\/span><\/a><\/p><\/li><\/ul>\t\t\t\t\t\t\t\t<\/div>\n\t\t\t\t<\/div>\n\t\t\t\t\t<\/div>\n\t\t\t\t<\/div>\n\t\t<div class=\"elementor-element elementor-element-b283a1b e-flex e-con-boxed e-con e-parent\" data-id=\"b283a1b\" data-element_type=\"container\">\n\t\t\t\t\t<div class=\"e-con-inner\">\n\t\t\t\t<div class=\"elementor-element elementor-element-379cc1e elementor-arrows-position-inside elementor-pagination-position-outside elementor-widget elementor-widget-image-carousel\" data-id=\"379cc1e\" data-element_type=\"widget\" data-settings=\"{&quot;navigation&quot;:&quot;both&quot;,&quot;autoplay&quot;:&quot;yes&quot;,&quot;pause_on_hover&quot;:&quot;yes&quot;,&quot;pause_on_interaction&quot;:&quot;yes&quot;,&quot;autoplay_speed&quot;:5000,&quot;infinite&quot;:&quot;yes&quot;,&quot;speed&quot;:500}\" data-widget_type=\"image-carousel.default\">\n\t\t\t\t<div class=\"elementor-widget-container\">\n\t\t\t\t\t\t\t<div class=\"elementor-image-carousel-wrapper swiper\" role=\"region\" aria-roledescription=\"carousel\" aria-label=\"Carrusel de im\u00e1genes\" dir=\"ltr\">\n\t\t\t<div class=\"elementor-image-carousel swiper-wrapper\" aria-live=\"off\">\n\t\t\t\t\t\t\t\t<div class=\"swiper-slide\" role=\"group\" aria-roledescription=\"slide\" aria-label=\"1 de 28\"><figure class=\"swiper-slide-inner\"><img decoding=\"async\" class=\"swiper-slide-image\" src=\"https:\/\/ciep.cl\/inicio\/wp-content\/uploads\/2025\/06\/AR-Nireguao-300x200.jpg\" alt=\"AR \u00d1ireguao\" \/><\/figure><\/div><div class=\"swiper-slide\" role=\"group\" aria-roledescription=\"slide\" aria-label=\"2 de 28\"><figure class=\"swiper-slide-inner\"><img decoding=\"async\" class=\"swiper-slide-image\" src=\"https:\/\/ciep.cl\/inicio\/wp-content\/uploads\/2025\/06\/Bahia-Acantilada-300x200.jpg\" alt=\"Bahia Acantilada\" \/><\/figure><\/div><div class=\"swiper-slide\" role=\"group\" aria-roledescription=\"slide\" aria-label=\"3 de 28\"><figure class=\"swiper-slide-inner\"><img decoding=\"async\" class=\"swiper-slide-image\" src=\"https:\/\/ciep.cl\/inicio\/wp-content\/uploads\/2025\/06\/Bahia-Murta-300x200.jpg\" alt=\"Bahia Murta\" \/><\/figure><\/div><div class=\"swiper-slide\" role=\"group\" aria-roledescription=\"slide\" aria-label=\"4 de 28\"><figure class=\"swiper-slide-inner\"><img decoding=\"async\" class=\"swiper-slide-image\" src=\"https:\/\/ciep.cl\/inicio\/wp-content\/uploads\/2025\/06\/BakerNeff-300x200.jpg\" alt=\"BakerNeff\" \/><\/figure><\/div><div class=\"swiper-slide\" role=\"group\" aria-roledescription=\"slide\" aria-label=\"5 de 28\"><figure class=\"swiper-slide-inner\"><img decoding=\"async\" class=\"swiper-slide-image\" src=\"https:\/\/ciep.cl\/inicio\/wp-content\/uploads\/2025\/06\/Bano-Nuevo-1-300x200.jpg\" alt=\"Ba\u00f1o Nuevo\" \/><\/figure><\/div><div class=\"swiper-slide\" role=\"group\" aria-roledescription=\"slide\" aria-label=\"6 de 28\"><figure class=\"swiper-slide-inner\"><img decoding=\"async\" class=\"swiper-slide-image\" src=\"https:\/\/ciep.cl\/inicio\/wp-content\/uploads\/2025\/06\/CaletaTortel-300x200.jpg\" alt=\"CaletaTortel\" \/><\/figure><\/div><div class=\"swiper-slide\" role=\"group\" aria-roledescription=\"slide\" aria-label=\"7 de 28\"><figure class=\"swiper-slide-inner\"><img decoding=\"async\" class=\"swiper-slide-image\" src=\"https:\/\/ciep.cl\/inicio\/wp-content\/uploads\/2025\/06\/Cerro-Castillo1-300x200.jpg\" alt=\"Cerro Castillo1\" \/><\/figure><\/div><div class=\"swiper-slide\" role=\"group\" aria-roledescription=\"slide\" aria-label=\"8 de 28\"><figure class=\"swiper-slide-inner\"><img decoding=\"async\" class=\"swiper-slide-image\" src=\"https:\/\/ciep.cl\/inicio\/wp-content\/uploads\/2025\/06\/Cerro-Mackay-300x200.jpg\" alt=\"Cerro Mackay\" \/><\/figure><\/div><div class=\"swiper-slide\" role=\"group\" aria-roledescription=\"slide\" aria-label=\"9 de 28\"><figure class=\"swiper-slide-inner\"><img decoding=\"async\" class=\"swiper-slide-image\" src=\"https:\/\/ciep.cl\/inicio\/wp-content\/uploads\/2025\/06\/Chile-Chico-300x200.jpg\" alt=\"Chile Chico\" \/><\/figure><\/div><div class=\"swiper-slide\" role=\"group\" aria-roledescription=\"slide\" aria-label=\"10 de 28\"><figure class=\"swiper-slide-inner\"><img decoding=\"async\" class=\"swiper-slide-image\" src=\"https:\/\/ciep.cl\/inicio\/wp-content\/uploads\/2025\/06\/Cochrane-300x200.jpg\" alt=\"Cochrane\" \/><\/figure><\/div><div class=\"swiper-slide\" role=\"group\" aria-roledescription=\"slide\" aria-label=\"11 de 28\"><figure class=\"swiper-slide-inner\"><img decoding=\"async\" class=\"swiper-slide-image\" src=\"https:\/\/ciep.cl\/inicio\/wp-content\/uploads\/2025\/06\/Coyhaique-300x200.jpg\" alt=\"Coyhaique\" \/><\/figure><\/div><div class=\"swiper-slide\" role=\"group\" aria-roledescription=\"slide\" aria-label=\"12 de 28\"><figure class=\"swiper-slide-inner\"><img decoding=\"async\" class=\"swiper-slide-image\" src=\"https:\/\/ciep.cl\/inicio\/wp-content\/uploads\/2025\/06\/Cruce-Rio-Blanco-300x200.jpg\" alt=\"Cruce Rio Blanco\" \/><\/figure><\/div><div class=\"swiper-slide\" role=\"group\" aria-roledescription=\"slide\" aria-label=\"13 de 28\"><figure class=\"swiper-slide-inner\"><img decoding=\"async\" class=\"swiper-slide-image\" src=\"https:\/\/ciep.cl\/inicio\/wp-content\/uploads\/2025\/06\/Cueva-de-la-Vieja-300x200.jpg\" alt=\"Cueva de la Vieja\" \/><\/figure><\/div><div class=\"swiper-slide\" role=\"group\" aria-roledescription=\"slide\" aria-label=\"14 de 28\"><figure class=\"swiper-slide-inner\"><img decoding=\"async\" class=\"swiper-slide-image\" src=\"https:\/\/ciep.cl\/inicio\/wp-content\/uploads\/2025\/06\/Cueva-de-las-Guanacas2-300x200.jpg\" alt=\"Cueva de las Guanacas2\" \/><\/figure><\/div><div class=\"swiper-slide\" role=\"group\" aria-roledescription=\"slide\" aria-label=\"15 de 28\"><figure class=\"swiper-slide-inner\"><img decoding=\"async\" class=\"swiper-slide-image\" src=\"https:\/\/ciep.cl\/inicio\/wp-content\/uploads\/2025\/06\/Cueva-Pta-del-Monte1-300x200.jpg\" alt=\"Cueva Pta del Monte1\" \/><\/figure><\/div><div class=\"swiper-slide\" role=\"group\" aria-roledescription=\"slide\" aria-label=\"16 de 28\"><figure class=\"swiper-slide-inner\"><img decoding=\"async\" class=\"swiper-slide-image\" src=\"https:\/\/ciep.cl\/inicio\/wp-content\/uploads\/2025\/06\/Estancia-Nireguao-300x200.jpg\" alt=\"Estancia \u00d1ireguao\" \/><\/figure><\/div><div class=\"swiper-slide\" role=\"group\" aria-roledescription=\"slide\" aria-label=\"17 de 28\"><figure class=\"swiper-slide-inner\"><img decoding=\"async\" class=\"swiper-slide-image\" src=\"https:\/\/ciep.cl\/inicio\/wp-content\/uploads\/2025\/06\/Glaciar-San-Rafael-300x200.jpg\" alt=\"Glaciar San Rafael\" \/><\/figure><\/div><div class=\"swiper-slide\" role=\"group\" aria-roledescription=\"slide\" aria-label=\"18 de 28\"><figure class=\"swiper-slide-inner\"><img decoding=\"async\" class=\"swiper-slide-image\" src=\"https:\/\/ciep.cl\/inicio\/wp-content\/uploads\/2025\/06\/Lago-General-Carrera-300x200.jpg\" alt=\"Lago General Carrera\" \/><\/figure><\/div><div class=\"swiper-slide\" role=\"group\" aria-roledescription=\"slide\" aria-label=\"19 de 28\"><figure class=\"swiper-slide-inner\"><img decoding=\"async\" class=\"swiper-slide-image\" src=\"https:\/\/ciep.cl\/inicio\/wp-content\/uploads\/2025\/06\/Laguna-el-Toro-Monumento-Dos-Lagunas-300x200.jpg\" alt=\"Laguna el Toro - Monumento Dos Lagunas\" \/><\/figure><\/div><div class=\"swiper-slide\" role=\"group\" aria-roledescription=\"slide\" aria-label=\"20 de 28\"><figure class=\"swiper-slide-inner\"><img decoding=\"async\" class=\"swiper-slide-image\" src=\"https:\/\/ciep.cl\/inicio\/wp-content\/uploads\/2025\/06\/Paredon-de-las-Manos-300x200.jpg\" alt=\"Paredon de las Manos\" \/><\/figure><\/div><div class=\"swiper-slide\" role=\"group\" aria-roledescription=\"slide\" aria-label=\"21 de 28\"><figure class=\"swiper-slide-inner\"><img decoding=\"async\" class=\"swiper-slide-image\" src=\"https:\/\/ciep.cl\/inicio\/wp-content\/uploads\/2025\/06\/Pto-Sanchez1-300x200.jpg\" alt=\"Pto Sanchez1\" \/><\/figure><\/div><div class=\"swiper-slide\" role=\"group\" aria-roledescription=\"slide\" aria-label=\"22 de 28\"><figure class=\"swiper-slide-inner\"><img decoding=\"async\" class=\"swiper-slide-image\" src=\"https:\/\/ciep.cl\/inicio\/wp-content\/uploads\/2025\/06\/Salto-Rio-Ibanez-300x200.jpg\" alt=\"Salto Rio Iba\u00f1ez\" \/><\/figure><\/div><div class=\"swiper-slide\" role=\"group\" aria-roledescription=\"slide\" aria-label=\"23 de 28\"><figure class=\"swiper-slide-inner\"><img decoding=\"async\" class=\"swiper-slide-image\" src=\"https:\/\/ciep.cl\/inicio\/wp-content\/uploads\/2025\/06\/Sitio-El-Juncal-300x200.jpg\" alt=\"Sitio El Juncal\" \/><\/figure><\/div><div class=\"swiper-slide\" role=\"group\" aria-roledescription=\"slide\" aria-label=\"24 de 28\"><figure class=\"swiper-slide-inner\"><img decoding=\"async\" class=\"swiper-slide-image\" src=\"https:\/\/ciep.cl\/inicio\/wp-content\/uploads\/2025\/06\/Taller-Estancia-Punta-del-Monte-300x200.jpg\" alt=\"Taller Estancia Punta del Monte\" \/><\/figure><\/div><div class=\"swiper-slide\" role=\"group\" aria-roledescription=\"slide\" aria-label=\"25 de 28\"><figure class=\"swiper-slide-inner\"><img decoding=\"async\" class=\"swiper-slide-image\" src=\"https:\/\/ciep.cl\/inicio\/wp-content\/uploads\/2025\/06\/VillaManihuales-300x200.jpg\" alt=\"VillaMa\u00f1ihuales\" \/><\/figure><\/div><div class=\"swiper-slide\" role=\"group\" aria-roledescription=\"slide\" aria-label=\"26 de 28\"><figure class=\"swiper-slide-inner\"><img decoding=\"async\" class=\"swiper-slide-image\" src=\"https:\/\/ciep.cl\/inicio\/wp-content\/uploads\/2025\/06\/CaletaTortel1-300x200.jpg\" alt=\"CaletaTortel1\" \/><\/figure><\/div><div class=\"swiper-slide\" role=\"group\" aria-roledescription=\"slide\" aria-label=\"27 de 28\"><figure class=\"swiper-slide-inner\"><img decoding=\"async\" class=\"swiper-slide-image\" src=\"https:\/\/ciep.cl\/inicio\/wp-content\/uploads\/2025\/06\/Cruce-Rio-Palena-300x200.jpg\" alt=\"Cruce R\u00edo Palena\" \/><\/figure><\/div><div class=\"swiper-slide\" role=\"group\" aria-roledescription=\"slide\" aria-label=\"28 de 28\"><figure class=\"swiper-slide-inner\"><img decoding=\"async\" class=\"swiper-slide-image\" src=\"https:\/\/ciep.cl\/inicio\/wp-content\/uploads\/2025\/06\/Islas-Hermanas-300x200.jpg\" alt=\"Islas Hermanas\" \/><\/figure><\/div>\t\t\t<\/div>\n\t\t\t\t\t\t\t\t\t\t\t\t<div class=\"elementor-swiper-button elementor-swiper-button-prev\" role=\"button\" tabindex=\"0\">\n\t\t\t\t\t\t<svg aria-hidden=\"true\" class=\"e-font-icon-svg e-eicon-chevron-left\" viewBox=\"0 0 1000 1000\" xmlns=\"http:\/\/www.w3.org\/2000\/svg\"><path d=\"M646 125C629 125 613 133 604 142L308 442C296 454 292 471 292 487 292 504 296 521 308 533L604 854C617 867 629 875 646 875 663 875 679 871 692 858 704 846 713 829 713 812 713 796 708 779 692 767L438 487 692 225C700 217 708 204 708 187 708 171 704 154 692 142 675 129 663 125 646 125Z\"><\/path><\/svg>\t\t\t\t\t<\/div>\n\t\t\t\t\t<div class=\"elementor-swiper-button elementor-swiper-button-next\" role=\"button\" tabindex=\"0\">\n\t\t\t\t\t\t<svg aria-hidden=\"true\" class=\"e-font-icon-svg e-eicon-chevron-right\" viewBox=\"0 0 1000 1000\" xmlns=\"http:\/\/www.w3.org\/2000\/svg\"><path d=\"M696 533C708 521 713 504 713 487 713 471 708 454 696 446L400 146C388 133 375 125 354 125 338 125 325 129 313 142 300 154 292 171 292 187 292 204 296 221 308 233L563 492 304 771C292 783 288 800 288 817 288 833 296 850 308 863 321 871 338 875 354 875 371 875 388 867 400 854L696 533Z\"><\/path><\/svg>\t\t\t\t\t<\/div>\n\t\t\t\t\n\t\t\t\t\t\t\t\t\t<div class=\"swiper-pagination\"><\/div>\n\t\t\t\t\t\t\t\t\t<\/div>\n\t\t\t\t\t\t<\/div>\n\t\t\t\t<\/div>\n\t\t\t\t<div class=\"elementor-element elementor-element-1fcb78e elementor-widget elementor-widget-menu-anchor\" data-id=\"1fcb78e\" data-element_type=\"widget\" data-widget_type=\"menu-anchor.default\">\n\t\t\t\t<div class=\"elementor-widget-container\">\n\t\t\t\t\t\t\t<div class=\"elementor-menu-anchor\" id=\"mesas\"><\/div>\n\t\t\t\t\t\t<\/div>\n\t\t\t\t<\/div>\n\t\t\t\t\t<\/div>\n\t\t\t\t<\/div>\n\t\t<div class=\"elementor-element elementor-element-104a0dd e-flex e-con-boxed e-con e-parent\" data-id=\"104a0dd\" data-element_type=\"container\">\n\t\t\t\t\t<div class=\"e-con-inner\">\n\t\t\t\t<div class=\"elementor-element elementor-element-c474a2b elementor-widget elementor-widget-heading\" data-id=\"c474a2b\" data-element_type=\"widget\" data-widget_type=\"heading.default\">\n\t\t\t\t<div class=\"elementor-widget-container\">\n\t\t\t\t\t<h2 class=\"elementor-heading-title elementor-size-default\">MESAS TEMATICAS<\/h2>\t\t\t\t<\/div>\n\t\t\t\t<\/div>\n\t\t\t\t\t<\/div>\n\t\t\t\t<\/div>\n\t\t<div class=\"elementor-element elementor-element-4f5af3b e-flex e-con-boxed e-con e-parent\" data-id=\"4f5af3b\" data-element_type=\"container\">\n\t\t\t\t\t<div class=\"e-con-inner\">\n\t\t\t\t<div class=\"elementor-element elementor-element-7ab740c elementor-widget elementor-widget-text-editor\" data-id=\"7ab740c\" data-element_type=\"widget\" data-widget_type=\"text-editor.default\">\n\t\t\t\t<div class=\"elementor-widget-container\">\n\t\t\t\t\t\t\t\t\t<ol>\n \t<li>\n<p align=\"justify\"><strong><span style=\"color: #000000;\">Paleogeograf\u00eda humana: historias de vida, movilidad y migraciones <\/span><\/strong><\/p>\n<\/li>\n<\/ol>\n<p class=\"western\" align=\"justify\"><span style=\"color: #000000;\">Los an\u00e1lisis isot\u00f3picos han tenido una gran injerencia en el desarrollo de la paleogeograf\u00eda humana, ampliando las posibilidades metodol\u00f3gicas aplicadas a la investigaci\u00f3n de las historias de vida y las distintas esferas del desplazamiento humano en el pasado. Tanto los is\u00f3topos estables (ox\u00edgeno, azufre, carbono, nitr\u00f3geno) como los radiog\u00e9nicos (estroncio y plomo) han contribuido a la discusi\u00f3n sobre las escalas de movilidad y migraci\u00f3n a nivel poblacional a trav\u00e9s del tiempo, as\u00ed como tambi\u00e9n los cambios en la territorialidad y el desplazamiento de individuos particulares. Dentro de este eje, esperamos contar con contribuciones que indaguen sobre distintos aspectos de la paleogeograf\u00eda humana desde el dato isot\u00f3pico y su articulaci\u00f3n con otras l\u00edneas de evidencia arqueol\u00f3gicas y bioantropol\u00f3gicas. Asimismo, se espera ampliar la discusi\u00f3n sobre la construcci\u00f3n de <\/span><span style=\"color: #000000;\"><i>isoscapes <\/i><\/span><span style=\"color: #000000;\">destinados a colaborar en la reconstrucci\u00f3n de la movilidad y los desplazamientos de las antiguas poblaciones humanas.<\/span><\/span><\/p>\n\n<ol start=\"2\">\n \t<li>\n<p align=\"justify\"><strong><span style=\"color: #000000;\">Reconstrucci\u00f3n paleodietaria y pr\u00e1cticas culinarias en antiguas poblaciones humanas<\/span><\/strong><\/p>\n<\/li>\n<\/ol>\n<p class=\"western\" align=\"justify\"><span style=\"color: #000000;\">Las preguntas que giran en torno a las estrategias de subsistencia, las pr\u00e1cticas culinarias y el consumo de recursos vegetales y animales han sido constitutivas de la arqueolog\u00eda desde sus inicios como disciplina cient\u00edfica. En este eje tem\u00e1tico se espera contribuir a las investigaciones sobre paleodieta humana en diferentes zonas del Sur de Sudam\u00e9rica a trav\u00e9s de la aplicaci\u00f3n de an\u00e1lisis de is\u00f3topos estables de carbono, nitr\u00f3geno, azufre y otros proxies. Se esperan trabajos que elaboren caracterizaciones dietarias utilizando diferentes tejidos tales como piezas dentales, restos \u00f3seos y\/o cabello. Se consideran tambi\u00e9n las aplicaciones de diferentes modelos de mezcla que permitan dilucidar los patrones de subsistencia de las poblaciones en estudio. Este eje contempla la discusi\u00f3n te\u00f3rica y metodol\u00f3gica de los patrones dietarios de las poblaciones humanas en el pasado, tanto en su dimensi\u00f3n individual como grupal, a fin de entender diversos procesos sociales y econ\u00f3micos en distintos contextos geogr\u00e1ficos y cronol\u00f3gicos. A su vez, se considera la intersecci\u00f3n de las pr\u00e1cticas alimenticias con las identidades individuales en el pasado, apuntando a debatir cuestiones de estatus y\/o g\u00e9nero. En paralelo, con el objetivo de ahondar en pr\u00e1cticas culinarias, se espera contar con trabajos que versen sobre el estudio de la composici\u00f3n isot\u00f3pica de los residuos org\u00e1nicos que se encuentran en diferentes contenedores, como la cer\u00e1mica, para caracterizar los alimentos que fueron procesados para el consumo.\u00a0\u00a0<\/span><\/p>\n\n<ol start=\"3\">\n \t<li>\n<p align=\"justify\"><strong><span style=\"color: #000000;\">Aplicaciones isot\u00f3picas en zooarqueolog\u00eda y arqueobot\u00e1nica<\/span><\/strong><\/p>\n<\/li>\n<\/ol>\n<p class=\"western\" align=\"justify\"><span style=\"color: #000000;\">De un tiempo a esta parte ha crecido notablemente la aplicaci\u00f3n de los an\u00e1lisis isot\u00f3picos al estudio de los registros zooarqueol\u00f3gico y arqueobot\u00e1nico. Si bien inicialmente el prop\u00f3sito de estas nuevas aplicaciones fue conocer las composiciones isot\u00f3picas de los recursos potencialmente consumidos por las poblaciones humanas a fin de reconstruir las dietas pasadas, estas aplicaciones han incentivado el desarrollo de metodolog\u00edas espec\u00edficas a fin de atender problem\u00e1ticas propias de la zooarqueolog\u00eda y la arqueobot\u00e1nica. Dentro de las nuevas incumbencias de los an\u00e1lisis isot\u00f3picos en zooarqueolog\u00eda podemos mencionar el manejo y crianza de animales dom\u00e9sticos, la caracterizaci\u00f3n de redes tr\u00f3ficas terrestres y marinas, la circulaci\u00f3n de artefactos de origen animal, entre otros. Por otro lado, a nivel arqueobot\u00e1nico se pueden mencionar el uso de fertilizantes, las pr\u00e1cticas de irrigaci\u00f3n y el origen de los cultivos. En este eje tem\u00e1tico esperamos contar con presentaciones que indaguen sobre los distintos aspectos te\u00f3rico-metodol\u00f3gicos que rigen los an\u00e1lisis isot\u00f3picos dentro de los estudios de arqueofaunas y restos de origen vegetal.<\/span><\/p>\n\n<ol start=\"4\">\n \t<li>\n<p align=\"justify\"><strong><span style=\"color: #000000;\">Aplicaciones isot\u00f3picas en reconstrucciones paleoambientales y paleoecolog\u00eda<\/span><\/strong><\/p>\n<\/li>\n<\/ol>\n<p class=\"western\" align=\"justify\"><span style=\"color: #000000;\">Las reconstrucciones de los ambientes del pasado, as\u00ed como el estudio de las redes tr\u00f3ficas y la ecolog\u00eda de las distintas \u00e1reas del continente, constituyen un campo en constante desarrollo. Los an\u00e1lisis isot\u00f3picos representan una parte fundamental en el avance de estas l\u00edneas de investigaci\u00f3n, permitiendo la identificaci\u00f3n de patrones y tendencias a trav\u00e9s del an\u00e1lisis de distintos materiales tales como sedimentos, valvas, egagr\u00f3pilas, etc. Dentro de este eje tem\u00e1tico esperamos contar con trabajos que presenten nuevos resultados a fin de comprender la interacci\u00f3n entre las poblaciones humanas y los ambientes circundantes, que discutan los alcances y limitaciones de los distintos archivos empleados en las reconstrucciones paleoambientales, que expongan los nuevos desarrollos t\u00e9cnicos y metodol\u00f3gicos en el campo de la reconstrucci\u00f3n paleoecol\u00f3gica y los marcos de referencia elaborados en funci\u00f3n de registros actuales, entre otras incumbencias. Asimismo, esperamos que el desarrollo de este eje propicie la discusi\u00f3n de potenciales acciones destinadas a mitigar los efectos del cambio clim\u00e1tico en la actualidad.<\/span><\/p>\n\n<ol start=\"5\">\n \t<li>\n<p align=\"justify\"><strong><span style=\"color: #000000;\">An\u00e1lisis de is\u00f3topos en contextos forenses de Sudam\u00e9rica<\/span><\/strong><\/p>\n<\/li>\n<\/ol>\n<p class=\"western\" align=\"justify\"><span style=\"color: #000000;\">La aplicaci\u00f3n del an\u00e1lisis de is\u00f3topos en contextos forenses se vuelve cada d\u00eda m\u00e1s necesaria para contribuir en la resoluci\u00f3n de casos de car\u00e1cter criminal y jur\u00eddico. La caracterizaci\u00f3n de la dieta junto con la proveniencia a trav\u00e9s de an\u00e1lisis de is\u00f3topos estables y radiog\u00e9nicos resultan claves a la hora de identificar a una persona desaparecida, cuando otras t\u00e9cnicas como el ADN fallan o no existe una coincidencia a nivel familiar. Su aplicaci\u00f3n en casos de desaparici\u00f3n forzada en contextos de dictadura o crimen organizado, adem\u00e1s de muertes de migrantes y feminicidios, sigue creciendo en la actualidad. Este eje busca contribuir a un mayor conocimiento y discusi\u00f3n sobre los is\u00f3topos forenses en Am\u00e9rica del Sur, evaluando el estado del arte, avances y direcciones futuras. Se espera contar con trabajos que informen sobre l\u00edneas de base o marcos de referencia, estudios de caso, o bien caracterizaciones de dieta y proveniencia a nivel local y regional en contextos modernos.<\/span><\/p>\n\n<ol start=\"6\">\n \t<li>\n<p align=\"justify\"><strong><span style=\"color: #000000;\">Nuevas metodolog\u00edas y avances a nivel americano y mundial<\/span><\/strong><\/p>\n<\/li>\n<\/ol>\n<p class=\"western\" align=\"justify\"><span style=\"color: #000000;\">Las ediciones previas de este Taller estuvieron abocadas a las problem\u00e1ticas propias del Cono Sur de Sudam\u00e9rica. Dentro de este eje tem\u00e1tico esperamos ampliar el rango de competencia, a fin de motivar la participaci\u00f3n de colegas que trabajan en otras \u00e1reas del mundo a presentar sus contribuciones y generar espacios de intercambio basados en aspectos te\u00f3rico-metodol\u00f3gicos que excedan lo geogr\u00e1fico. Se podr\u00e1n establecer adecuadas comparaciones entre la regi\u00f3n foco del Taller y aquellas zonas fuera de Am\u00e9rica del Sur, evaluando los pros y contras de las aplicaciones de is\u00f3topos estables en arqueolog\u00eda y discutiendo las distintas experiencias de los disertantes en torno a problem\u00e1ticas similares.\u00a0<\/span><\/p>\n\n<ol start=\"7\">\n \t<li>\n<p align=\"justify\"><strong><span style=\"color: #000000;\">Radiocarbono y dataci\u00f3n en arqueolog\u00eda en Sudam\u00e9rica<\/span><\/strong><\/p>\n<\/li>\n<\/ol>\n<p class=\"western\" align=\"justify\"><span style=\"color: #000000;\">Por primera vez en la historia del Taller daremos espacio para el di\u00e1logo y discusi\u00f3n sobre la aplicaci\u00f3n del is\u00f3topo radiactivo carbono 14, considerando sus importantes implicancias en el desarrollo de la arqueolog\u00eda regional. Creemos necesario ampliar las incumbencias del Taller, para as\u00ed incluir a diferentes colegas que utilizan asiduamente la dataci\u00f3n por radiocarbono. El uso de esta t\u00e9cnica de dataci\u00f3n se asocia muchas veces a preguntas cronol\u00f3gicas que se encuentran relacionadas a la reconstrucci\u00f3n paleodietaria, paleoambiental, zooarqueol\u00f3gica, arqueobot\u00e1nica e incluso forense. En este sentido, invitamos a participar a investigadores\/as que realicen trabajos sobre cronolog\u00eda con radiocarbono incluyendo la generaci\u00f3n de modelos bayesianos, evaluaci\u00f3n del Efecto Reservorio Marino, limitaciones y avances en el pre-tratamiento y, an\u00e1lisis del radiocarbono y reconstrucci\u00f3n paleodemogr\u00e1fica.<\/span><\/p>\t\t\t\t\t\t\t\t<\/div>\n\t\t\t\t<\/div>\n\t\t\t\t\t<\/div>\n\t\t\t\t<\/div>\n\t\t<div class=\"elementor-element elementor-element-4e759ea e-flex e-con-boxed e-con e-parent\" data-id=\"4e759ea\" data-element_type=\"container\">\n\t\t\t\t\t<div class=\"e-con-inner\">\n\t\t\t\t<div class=\"elementor-element elementor-element-3122879 elementor-align-center elementor-button-info elementor-widget elementor-widget-button\" data-id=\"3122879\" data-element_type=\"widget\" data-widget_type=\"button.default\">\n\t\t\t\t<div class=\"elementor-widget-container\">\n\t\t\t\t\t\t\t\t\t<div class=\"elementor-button-wrapper\">\n\t\t\t\t\t<a class=\"elementor-button elementor-button-link elementor-size-sm\" href=\"https:\/\/ciep.cl\/inicio\/arqueologia-e-isotopos\/#inicio\">\n\t\t\t\t\t\t<span class=\"elementor-button-content-wrapper\">\n\t\t\t\t\t\t\t\t\t<span class=\"elementor-button-text\">Volver arriba<\/span>\n\t\t\t\t\t<\/span>\n\t\t\t\t\t<\/a>\n\t\t\t\t<\/div>\n\t\t\t\t\t\t\t\t<\/div>\n\t\t\t\t<\/div>\n\t\t\t\t\t<\/div>\n\t\t\t\t<\/div>\n\t\t<div class=\"elementor-element elementor-element-fee7186 e-flex e-con-boxed e-con e-parent\" data-id=\"fee7186\" data-element_type=\"container\">\n\t\t\t\t\t<div class=\"e-con-inner\">\n\t\t\t\t<div class=\"elementor-element elementor-element-846b67e elementor-widget elementor-widget-menu-anchor\" data-id=\"846b67e\" data-element_type=\"widget\" data-widget_type=\"menu-anchor.default\">\n\t\t\t\t<div class=\"elementor-widget-container\">\n\t\t\t\t\t\t\t<div class=\"elementor-menu-anchor\" id=\"conferencias\"><\/div>\n\t\t\t\t\t\t<\/div>\n\t\t\t\t<\/div>\n\t\t\t\t<div class=\"elementor-element elementor-element-ec7429d elementor-widget elementor-widget-heading\" data-id=\"ec7429d\" data-element_type=\"widget\" data-widget_type=\"heading.default\">\n\t\t\t\t<div class=\"elementor-widget-container\">\n\t\t\t\t\t<h2 class=\"elementor-heading-title elementor-size-default\">CONFERENCIAS<\/h2>\t\t\t\t<\/div>\n\t\t\t\t<\/div>\n\t\t\t\t\t<\/div>\n\t\t\t\t<\/div>\n\t\t<div class=\"elementor-element elementor-element-6419e36 e-flex e-con-boxed e-con e-parent\" data-id=\"6419e36\" data-element_type=\"container\">\n\t\t\t\t\t<div class=\"e-con-inner\">\n\t\t\t\t<div class=\"elementor-element elementor-element-dc104d0 elementor-widget elementor-widget-text-editor\" data-id=\"dc104d0\" data-element_type=\"widget\" data-widget_type=\"text-editor.default\">\n\t\t\t\t<div class=\"elementor-widget-container\">\n\t\t\t\t\t\t\t\t\t<p><span data-contrast=\"none\">Para la quinta versi\u00f3n del Taller de Is\u00f3topos en el Sur de Sudam\u00e9rica en Coyhaique hemos invitado a tres especialistas quienes ofrecer\u00e1n conferencias y un workshop.<\/span><span data-ccp-props=\"{}\">\u00a0<\/span><\/p><p><b><span data-contrast=\"none\">Conferencistas<\/span><\/b><span data-ccp-props=\"{}\">\u00a0<\/span><\/p><p><span data-contrast=\"none\"><img loading=\"lazy\" decoding=\"async\" class=\" wp-image-10889 alignleft\" src=\"https:\/\/ciep.cl\/inicio\/wp-content\/uploads\/2025\/06\/Foto-Craig.png\" alt=\"\" width=\"200\" height=\"200\" srcset=\"https:\/\/ciep.cl\/inicio\/wp-content\/uploads\/2025\/06\/Foto-Craig.png 265w, https:\/\/ciep.cl\/inicio\/wp-content\/uploads\/2025\/06\/Foto-Craig-150x150.png 150w\" sizes=\"(max-width: 200px) 100vw, 200px\" \/>El Profesor Oliver Craig se especializa en arqueolog\u00eda biomolecular, particularmente en la recuperaci\u00f3n de prote\u00ednas, l\u00edpidos y ADN de restos \u00f3seos y artefactos arqueol\u00f3gicos con el fin de conocer mejor las actividades humanas del pasado. Sus investigaciones se centran en las transiciones temporales y la variabilidad de las dietas humanas y las pr\u00e1cticas culinarias y de subsistencia, as\u00ed como en el impacto que los cambios diet\u00e9ticos tuvieron en la evoluci\u00f3n social, la salud y el medio ambiente. El enfoque de su investigaci\u00f3n busca combinar una amplia gama de t\u00e9cnicas anal\u00edticas para estudiar la paleodieta, siendo el an\u00e1lisis de is\u00f3topos estables en huesos humanos y residuos org\u00e1nicos extra\u00eddos de contenedores cer\u00e1micos su mayor alcance. Su trayectoria lo ha llevado a liderado el desarrollo de enfoques isot\u00f3picos de compuestos espec\u00edficos en estos campos.<\/span><span data-ccp-props=\"{&quot;134233117&quot;:false,&quot;134233118&quot;:false,&quot;335551550&quot;:6,&quot;335551620&quot;:6,&quot;335559738&quot;:0,&quot;335559739&quot;:0}\">\u00a0<\/span><\/p><p><span data-contrast=\"none\">El Profesor Craig fue nombrado en York en 2007 y se convirti\u00f3 en catedr\u00e1tico de Ciencia Arqueol\u00f3gica en 2016. Tambi\u00e9n es investigador honorario en el Museo Brit\u00e1nico.\u00a0 Actualmente dirige la instalaci\u00f3n BioArCh, un centro de excelencia en Bioarqueolog\u00eda y lidera BIOARC-HS, parte de la Infraestructura de Investigaci\u00f3n para la Conservaci\u00f3n y la Ciencia del Patrimonio (RICHeS) del Reino Unido.<\/span><span data-ccp-props=\"{&quot;134233117&quot;:false,&quot;134233118&quot;:false,&quot;335551550&quot;:6,&quot;335551620&quot;:6,&quot;335559738&quot;:0,&quot;335559739&quot;:0}\">\u00a0<\/span><\/p><p><span data-contrast=\"none\"><img loading=\"lazy\" decoding=\"async\" class=\" wp-image-10890 alignleft\" src=\"https:\/\/ciep.cl\/inicio\/wp-content\/uploads\/2025\/06\/Copia-de-FotoTessone-300x225.jpg\" alt=\"\" width=\"202\" height=\"152\" srcset=\"https:\/\/ciep.cl\/inicio\/wp-content\/uploads\/2025\/06\/Copia-de-FotoTessone-300x225.jpg 300w, https:\/\/ciep.cl\/inicio\/wp-content\/uploads\/2025\/06\/Copia-de-FotoTessone-1024x768.jpg 1024w, https:\/\/ciep.cl\/inicio\/wp-content\/uploads\/2025\/06\/Copia-de-FotoTessone-768x576.jpg 768w, https:\/\/ciep.cl\/inicio\/wp-content\/uploads\/2025\/06\/Copia-de-FotoTessone-1536x1152.jpg 1536w, https:\/\/ciep.cl\/inicio\/wp-content\/uploads\/2025\/06\/Copia-de-FotoTessone-2048x1536.jpg 2048w\" sizes=\"(max-width: 202px) 100vw, 202px\" \/>El Dr. Augusto Tessone es investigador del Consejo Nacional de Investigaciones Cient\u00edficas y T\u00e9cnicas (CONICET) en el Instituto de Geocronolog\u00eda y Geolog\u00eda Isot\u00f3pica (INGEIS). Obtuvo su doctorado a partir del estudio de las paleodietas de cazadores-recolectores en Patagonia meridional en la Universidad de Buenos Aires, Argentina. Se especializ\u00f3 en la aplicaci\u00f3n de is\u00f3topos estables en arqueolog\u00eda. Actualmente desarrolla investigaciones en diferentes problemas y materiales, como zooarqueolog\u00eda, cer\u00e1mica, paleodietas humanas en diverso contextos socioecon\u00f3micos y antropolog\u00eda forense.<\/span><span data-ccp-props=\"{&quot;134233117&quot;:false,&quot;134233118&quot;:false,&quot;335551550&quot;:6,&quot;335551620&quot;:6,&quot;335559738&quot;:0,&quot;335559739&quot;:0}\">\u00a0<\/span><\/p><p><span data-contrast=\"none\">\u00a0<\/span><b><\/b><\/p>\t\t\t\t\t\t\t\t<\/div>\n\t\t\t\t<\/div>\n\t\t\t\t\t<\/div>\n\t\t\t\t<\/div>\n\t\t<div class=\"elementor-element elementor-element-682b1e5 e-flex e-con-boxed e-con e-parent\" data-id=\"682b1e5\" data-element_type=\"container\">\n\t\t\t\t\t<div class=\"e-con-inner\">\n\t\t\t\t<div class=\"elementor-element elementor-element-99f40d8 elementor-widget elementor-widget-text-editor\" data-id=\"99f40d8\" data-element_type=\"widget\" data-widget_type=\"text-editor.default\">\n\t\t\t\t<div class=\"elementor-widget-container\">\n\t\t\t\t\t\t\t\t\t<p><b><span data-contrast=\"none\">WORKSHOP: Radiocarbono y Modelos Bayesianos<\/span><\/b><span data-ccp-props=\"{&quot;134233117&quot;:false,&quot;134233118&quot;:false,&quot;335551550&quot;:6,&quot;335551620&quot;:6,&quot;335559738&quot;:0,&quot;335559739&quot;:240}\">\u00a0<\/span><\/p><p><span data-contrast=\"none\"><img loading=\"lazy\" decoding=\"async\" class=\" wp-image-10891 alignleft\" src=\"https:\/\/ciep.cl\/inicio\/wp-content\/uploads\/2025\/06\/Foto-Becerra-225x300.jpg\" alt=\"\" width=\"156\" height=\"208\" srcset=\"https:\/\/ciep.cl\/inicio\/wp-content\/uploads\/2025\/06\/Foto-Becerra-225x300.jpg 225w, https:\/\/ciep.cl\/inicio\/wp-content\/uploads\/2025\/06\/Foto-Becerra-768x1024.jpg 768w, https:\/\/ciep.cl\/inicio\/wp-content\/uploads\/2025\/06\/Foto-Becerra.jpg 960w\" sizes=\"(max-width: 156px) 100vw, 156px\" \/>Un d\u00eda antes del taller, el lunes 10 de noviembre, <\/span><span data-contrast=\"none\">la Dra. Lorena Becerra-Valdivia de la Universidad de Bristol <\/span><span data-contrast=\"none\">impartir\u00e1 un taller sobre Radiocarbono y Modelos Bayesianos.<\/span><span data-ccp-props=\"{&quot;134233117&quot;:false,&quot;134233118&quot;:false,&quot;335551550&quot;:6,&quot;335551620&quot;:6,&quot;335559738&quot;:240,&quot;335559739&quot;:240}\">\u00a0<\/span><\/p><p><span data-contrast=\"none\">Durante el mismo se explicar\u00e1n los aspectos b\u00e1sicos sobre el modelamiento cronol\u00f3gico bayesiano y c\u00f3mo aplicarlo mediante el programa OxCal.<\/span><span data-ccp-props=\"{&quot;134233117&quot;:false,&quot;134233118&quot;:false,&quot;335551550&quot;:6,&quot;335551620&quot;:6,&quot;335559738&quot;:240,&quot;335559739&quot;:240}\">\u00a0<\/span><\/p><p><span data-contrast=\"none\">Los cupos son limitados por lo que habr\u00e1 un llamado a inscripci\u00f3n durante las pr\u00f3ximas semanas.<\/span><span data-ccp-props=\"{&quot;134233117&quot;:false,&quot;134233118&quot;:false,&quot;335551550&quot;:6,&quot;335551620&quot;:6,&quot;335559738&quot;:240,&quot;335559739&quot;:240}\">\u00a0<\/span><\/p>\t\t\t\t\t\t\t\t<\/div>\n\t\t\t\t<\/div>\n\t\t\t\t<div class=\"elementor-element elementor-element-e55457a elementor-align-center elementor-button-info elementor-widget elementor-widget-button\" data-id=\"e55457a\" data-element_type=\"widget\" data-widget_type=\"button.default\">\n\t\t\t\t<div class=\"elementor-widget-container\">\n\t\t\t\t\t\t\t\t\t<div class=\"elementor-button-wrapper\">\n\t\t\t\t\t<a class=\"elementor-button elementor-button-link elementor-size-sm\" href=\"https:\/\/ciep.cl\/inicio\/arqueologia-e-isotopos\/#inicio\">\n\t\t\t\t\t\t<span class=\"elementor-button-content-wrapper\">\n\t\t\t\t\t\t\t\t\t<span class=\"elementor-button-text\">Volver arriba<\/span>\n\t\t\t\t\t<\/span>\n\t\t\t\t\t<\/a>\n\t\t\t\t<\/div>\n\t\t\t\t\t\t\t\t<\/div>\n\t\t\t\t<\/div>\n\t\t\t\t<div class=\"elementor-element elementor-element-13bdc44 elementor-widget elementor-widget-menu-anchor\" data-id=\"13bdc44\" data-element_type=\"widget\" data-widget_type=\"menu-anchor.default\">\n\t\t\t\t<div class=\"elementor-widget-container\">\n\t\t\t\t\t\t\t<div class=\"elementor-menu-anchor\" id=\"salida\"><\/div>\n\t\t\t\t\t\t<\/div>\n\t\t\t\t<\/div>\n\t\t\t\t\t<\/div>\n\t\t\t\t<\/div>\n\t\t<div class=\"elementor-element elementor-element-41f996d e-flex e-con-boxed e-con e-parent\" data-id=\"41f996d\" data-element_type=\"container\">\n\t\t\t\t\t<div class=\"e-con-inner\">\n\t\t\t\t<div class=\"elementor-element elementor-element-69a387a elementor-widget elementor-widget-heading\" data-id=\"69a387a\" data-element_type=\"widget\" data-widget_type=\"heading.default\">\n\t\t\t\t<div class=\"elementor-widget-container\">\n\t\t\t\t\t<h2 class=\"elementor-heading-title elementor-size-default\">Salida de campo<\/h2>\t\t\t\t<\/div>\n\t\t\t\t<\/div>\n\t\t\t\t\t<\/div>\n\t\t\t\t<\/div>\n\t\t<div class=\"elementor-element elementor-element-2c639f4 e-flex e-con-boxed e-con e-parent\" data-id=\"2c639f4\" data-element_type=\"container\">\n\t\t\t\t\t<div class=\"e-con-inner\">\n\t\t\t\t<div class=\"elementor-element elementor-element-f032b7e elementor-widget elementor-widget-text-editor\" data-id=\"f032b7e\" data-element_type=\"widget\" data-widget_type=\"text-editor.default\">\n\t\t\t\t<div class=\"elementor-widget-container\">\n\t\t\t\t\t\t\t\t\t<p>El \u00faltimo d\u00eda del taller nos movilizaremos al coraz\u00f3n de la estepa patag\u00f3nica coyhaiquina, donde se encuentra la Estancia Ba\u00f1o Nuevo. En esta propiedad est\u00e1 asentada la cueva Ba\u00f1o Nuevo-1.<\/p><p>La cueva de Ba\u00f1o Nuevo 1 corresponde a un sitio arqueo-paleontol\u00f3gico, con evidencias de ocupaci\u00f3n humana entre el Holoceno temprano y tard\u00edo. Su excepcional preservaci\u00f3n ha permitido la conservaci\u00f3n de los esqueletos humanos hasta ahora m\u00e1s antiguos de Patagonia, fechados en alrededor de 11 mil a\u00f1os AP.<\/p><p>M\u00e1s adelante entregaremos informaci\u00f3n detallada sobre esta actividad.<\/p>\t\t\t\t\t\t\t\t<\/div>\n\t\t\t\t<\/div>\n\t\t\t\t\t<\/div>\n\t\t\t\t<\/div>\n\t\t<div class=\"elementor-element elementor-element-103d4b9 e-flex e-con-boxed e-con e-parent\" data-id=\"103d4b9\" data-element_type=\"container\">\n\t\t\t\t\t<div class=\"e-con-inner\">\n\t\t<div class=\"elementor-element elementor-element-2dfbc99 e-con-full e-flex e-con e-child\" data-id=\"2dfbc99\" data-element_type=\"container\">\n\t\t\t\t<div class=\"elementor-element elementor-element-655275e elementor-widget elementor-widget-image\" data-id=\"655275e\" data-element_type=\"widget\" data-widget_type=\"image.default\">\n\t\t\t\t<div class=\"elementor-widget-container\">\n\t\t\t\t\t\t\t\t\t\t\t\t\t\t\t<img loading=\"lazy\" decoding=\"async\" width=\"1024\" height=\"683\" src=\"https:\/\/ciep.cl\/inicio\/wp-content\/uploads\/2025\/06\/Bano-Nuevo1-1024x683.jpg\" class=\"attachment-large size-large wp-image-10725\" alt=\"\" srcset=\"https:\/\/ciep.cl\/inicio\/wp-content\/uploads\/2025\/06\/Bano-Nuevo1-1024x683.jpg 1024w, https:\/\/ciep.cl\/inicio\/wp-content\/uploads\/2025\/06\/Bano-Nuevo1-300x200.jpg 300w, https:\/\/ciep.cl\/inicio\/wp-content\/uploads\/2025\/06\/Bano-Nuevo1-768x512.jpg 768w, https:\/\/ciep.cl\/inicio\/wp-content\/uploads\/2025\/06\/Bano-Nuevo1-1536x1024.jpg 1536w, https:\/\/ciep.cl\/inicio\/wp-content\/uploads\/2025\/06\/Bano-Nuevo1-2048x1365.jpg 2048w\" sizes=\"(max-width: 1024px) 100vw, 1024px\" \/>\t\t\t\t\t\t\t\t\t\t\t\t\t\t\t<\/div>\n\t\t\t\t<\/div>\n\t\t\t\t<\/div>\n\t\t<div class=\"elementor-element elementor-element-d5b317d e-con-full e-flex e-con e-child\" data-id=\"d5b317d\" data-element_type=\"container\">\n\t\t\t\t<div class=\"elementor-element elementor-element-3bec2a6 elementor-widget elementor-widget-image\" data-id=\"3bec2a6\" data-element_type=\"widget\" data-widget_type=\"image.default\">\n\t\t\t\t<div class=\"elementor-widget-container\">\n\t\t\t\t\t\t\t\t\t\t\t\t\t\t\t<img loading=\"lazy\" decoding=\"async\" width=\"1024\" height=\"683\" src=\"https:\/\/ciep.cl\/inicio\/wp-content\/uploads\/2025\/06\/Bano-Nuevo-1024x683.jpg\" class=\"attachment-large size-large wp-image-10724\" alt=\"\" srcset=\"https:\/\/ciep.cl\/inicio\/wp-content\/uploads\/2025\/06\/Bano-Nuevo-1024x683.jpg 1024w, https:\/\/ciep.cl\/inicio\/wp-content\/uploads\/2025\/06\/Bano-Nuevo-300x200.jpg 300w, https:\/\/ciep.cl\/inicio\/wp-content\/uploads\/2025\/06\/Bano-Nuevo-768x512.jpg 768w, https:\/\/ciep.cl\/inicio\/wp-content\/uploads\/2025\/06\/Bano-Nuevo-1536x1024.jpg 1536w, https:\/\/ciep.cl\/inicio\/wp-content\/uploads\/2025\/06\/Bano-Nuevo-2048x1365.jpg 2048w\" sizes=\"(max-width: 1024px) 100vw, 1024px\" \/>\t\t\t\t\t\t\t\t\t\t\t\t\t\t\t<\/div>\n\t\t\t\t<\/div>\n\t\t\t\t<\/div>\n\t\t\t\t\t<\/div>\n\t\t\t\t<\/div>\n\t\t<div class=\"elementor-element elementor-element-a78a917 e-flex e-con-boxed e-con e-parent\" data-id=\"a78a917\" data-element_type=\"container\">\n\t\t\t\t\t<div class=\"e-con-inner\">\n\t\t\t\t<div class=\"elementor-element elementor-element-e82fdcd elementor-widget elementor-widget-heading\" data-id=\"e82fdcd\" data-element_type=\"widget\" data-widget_type=\"heading.default\">\n\t\t\t\t<div class=\"elementor-widget-container\">\n\t\t\t\t\t<h2 class=\"elementor-heading-title elementor-size-default\">Recursos digitales<\/h2>\t\t\t\t<\/div>\n\t\t\t\t<\/div>\n\t\t\t\t\t<\/div>\n\t\t\t\t<\/div>\n\t\t<div class=\"elementor-element elementor-element-32b1bd0 e-flex e-con-boxed e-con e-parent\" data-id=\"32b1bd0\" data-element_type=\"container\">\n\t\t\t\t\t<div class=\"e-con-inner\">\n\t\t\t\t<div class=\"elementor-element elementor-element-68d37c0 elementor-widget elementor-widget-text-editor\" data-id=\"68d37c0\" data-element_type=\"widget\" data-widget_type=\"text-editor.default\">\n\t\t\t\t<div class=\"elementor-widget-container\">\n\t\t\t\t\t\t\t\t\t<p class=\"western\"><strong><span style=\"color: #0000ff;\"><u><a href=\"https:\/\/www.investigacion.patrimoniocultural.gob.cl\/bajo-la-lupa\/dieciseis-mil-anos-de-historia-en-aysen\"><span style=\"font-family: Avenir, serif;\">https:\/\/www.investigacion.patrimoniocultural.gob.cl\/bajo-la-lupa\/dieciseis-mil-anos-de-historia-en-aysen<\/span><\/a><\/u><\/span><\/strong><\/p><p class=\"western\"><strong><span style=\"color: #0000ff;\"><u><a href=\"https:\/\/www.scielo.cl\/scielo.php?pid=S0717-73562001000100004&amp;script=sci_arttext\"><span style=\"font-family: Avenir, serif;\">https:\/\/www.scielo.cl\/scielo.php?pid=S0717-73562001000100004&amp;script=sci_arttext<\/span><\/a><\/u><\/span><\/strong><\/p><p class=\"western\"><strong><span style=\"color: #0000ff;\"><u><a href=\"https:\/\/www.scielo.cl\/scielo.php?pid=s0718-22442006000200009&amp;script=sci_arttext\"><span style=\"font-family: Avenir, serif;\">https:\/\/www.scielo.cl\/scielo.php?pid=s0718-22442006000200009&amp;script=sci_arttext<\/span><\/a><\/u><\/span><\/strong><\/p><p class=\"western\"><strong><span style=\"color: #0000ff;\"><u><a href=\"https:\/\/www.sciencedirect.com\/science\/article\/abs\/pii\/S1040618202002070\"><span style=\"font-family: Avenir, serif;\">https:\/\/www.sciencedirect.com\/science\/article\/abs\/pii\/S1040618202002070<\/span><\/a><\/u><\/span><\/strong><\/p><p class=\"western\"><strong><span style=\"color: #0000ff;\"><u><a href=\"https:\/\/www.scielo.org.mx\/scielo.php?pid=S1026-87742011000300013&amp;script=sci_arttext&amp;tlng=en\"><span style=\"font-family: Avenir, serif;\">https:\/\/www.scielo.org.mx\/scielo.php?pid=S1026-87742011000300013&amp;script=sci_arttext&amp;tlng=en<\/span><\/a><\/u><\/span><\/strong><\/p><p class=\"western\"><strong><span style=\"color: #0000ff;\"><u><a href=\"https:\/\/core.ac.uk\/download\/pdf\/234823419.pdf\"><span style=\"font-family: Avenir, serif;\">https:\/\/core.ac.uk\/download\/pdf\/234823419.pdf<\/span><\/a><\/u><\/span><\/strong><\/p><p class=\"western\"><strong><span style=\"color: #0000ff;\"><u><a href=\"https:\/\/www.tandfonline.com\/doi\/abs\/10.1080\/20555563.2024.2327129\"><span style=\"font-family: Avenir, serif;\">https:\/\/www.tandfonline.com\/doi\/abs\/10.1080\/20555563.2024.2327129<\/span><\/a><\/u><\/span><\/strong><\/p><p class=\"western\"><strong><span style=\"color: #0000ff;\"><u><a href=\"https:\/\/journals.plos.org\/plosone\/article?id=10.1371\/journal.pone.0304454\"><span style=\"font-family: Avenir, serif;\">https:\/\/journals.plos.org\/plosone\/article?id=10.1371\/journal.pone.0304454<\/span><\/a><\/u><\/span><\/strong><\/p>\t\t\t\t\t\t\t\t<\/div>\n\t\t\t\t<\/div>\n\t\t\t\t<div class=\"elementor-element elementor-element-2e36d6b elementor-align-center elementor-button-info elementor-widget elementor-widget-button\" data-id=\"2e36d6b\" data-element_type=\"widget\" data-widget_type=\"button.default\">\n\t\t\t\t<div class=\"elementor-widget-container\">\n\t\t\t\t\t\t\t\t\t<div class=\"elementor-button-wrapper\">\n\t\t\t\t\t<a class=\"elementor-button elementor-button-link elementor-size-sm\" href=\"https:\/\/ciep.cl\/inicio\/arqueologia-e-isotopos\/#inicio\">\n\t\t\t\t\t\t<span class=\"elementor-button-content-wrapper\">\n\t\t\t\t\t\t\t\t\t<span class=\"elementor-button-text\">Volver arriba<\/span>\n\t\t\t\t\t<\/span>\n\t\t\t\t\t<\/a>\n\t\t\t\t<\/div>\n\t\t\t\t\t\t\t\t<\/div>\n\t\t\t\t<\/div>\n\t\t\t\t\t<\/div>\n\t\t\t\t<\/div>\n\t\t\t\t<\/div>\n\t\t","protected":false},"excerpt":{"rendered":"<p>V Taller de Arqueolog\u00eda e Is\u00f3topos en el Sur de Sudam\u00e9rica Coyhaique 2025 El taller Esta reuni\u00f3n tiene como prop\u00f3sito el encuentro de distintos investigadores relacionados con el estudio de is\u00f3topos estables aplicado a la arqueolog\u00eda en el Cono Sur. &#8230; <\/p>\n<p class=\"read-more-container\"><a title=\"Arqueolog\u00eda e Is\u00f3topos\" class=\"read-more button\" href=\"https:\/\/ciep.cl\/inicio\/arqueologia-e-isotopos\/#more-10618\" aria-label=\"Leer m\u00e1s sobre Arqueolog\u00eda e Is\u00f3topos\">Leer m\u00e1s<\/a><\/p>\n","protected":false},"author":1,"featured_media":0,"parent":0,"menu_order":0,"comment_status":"closed","ping_status":"closed","template":"elementor_header_footer","meta":{"footnotes":""},"class_list":{"0":"post-10618","1":"page","2":"type-page","3":"status-publish","5":"infinite-scroll-item"},"_links":{"self":[{"href":"https:\/\/ciep.cl\/inicio\/wp-json\/wp\/v2\/pages\/10618","targetHints":{"allow":["GET"]}}],"collection":[{"href":"https:\/\/ciep.cl\/inicio\/wp-json\/wp\/v2\/pages"}],"about":[{"href":"https:\/\/ciep.cl\/inicio\/wp-json\/wp\/v2\/types\/page"}],"author":[{"embeddable":true,"href":"https:\/\/ciep.cl\/inicio\/wp-json\/wp\/v2\/users\/1"}],"replies":[{"embeddable":true,"href":"https:\/\/ciep.cl\/inicio\/wp-json\/wp\/v2\/comments?post=10618"}],"version-history":[{"count":141,"href":"https:\/\/ciep.cl\/inicio\/wp-json\/wp\/v2\/pages\/10618\/revisions"}],"predecessor-version":[{"id":11442,"href":"https:\/\/ciep.cl\/inicio\/wp-json\/wp\/v2\/pages\/10618\/revisions\/11442"}],"wp:attachment":[{"href":"https:\/\/ciep.cl\/inicio\/wp-json\/wp\/v2\/media?parent=10618"}],"curies":[{"name":"wp","href":"https:\/\/api.w.org\/{rel}","templated":true}]}}